{"id":927,"date":"2018-02-27T09:58:45","date_gmt":"2018-02-27T08:58:45","guid":{"rendered":"http:\/\/localhost:8888\/?page_id=927"},"modified":"2025-11-05T15:46:40","modified_gmt":"2025-11-05T14:46:40","slug":"karriere","status":"publish","type":"page","link":"https:\/\/www.johannes-janssen.com\/kommunal\/karriere\/","title":{"rendered":"Karriere"},"content":{"rendered":"<div id=\"pl-927\"  class=\"panel-layout\" ><div id=\"pg-927-0\"  class=\"panel-grid panel-has-style\" ><div class=\"panel-row-style panel-row-style-for-927-0\" ><div id=\"pgc-927-0-0\"  class=\"panel-grid-cell\" ><div id=\"panel-927-0-0-0\" class=\"so-panel widget widget_sow-slider panel-first-child\" data-index=\"0\" ><div\n\t\t\t\n\t\t\tclass=\"so-widget-sow-slider so-widget-sow-slider-default-6d39609536fd-927\"\n\t\t\t\n\t\t>\t\t\t\t<div class=\"sow-slider-base\" style=\"display: none\" tabindex=\"0\">\n\t\t\t\t\t<ul\n\t\t\t\t\tclass=\"sow-slider-images\"\n\t\t\t\t\tdata-settings=\"{&quot;pagination&quot;:true,&quot;speed&quot;:800,&quot;timeout&quot;:8000,&quot;paused&quot;:false,&quot;pause_on_hover&quot;:false,&quot;swipe&quot;:true,&quot;nav_always_show_desktop&quot;:&quot;&quot;,&quot;nav_always_show_mobile&quot;:&quot;&quot;,&quot;breakpoint&quot;:&quot;780px&quot;,&quot;unmute&quot;:false,&quot;anchor&quot;:null}\"\n\t\t\t\t\t\t\t\t\t\tdata-anchor-id=\"\"\n\t\t\t\t>\t\t<li class=\"sow-slider-image\" style=\"visibility: visible;\" >\n\t\t\t\t\t\t<div class=\"sow-slider-image-container\">\n\t\t\t\t<div class=\"sow-slider-image-wrapper\" style=\"max-width: 2000px\">\n\t\t\t\t\t\t\t\t\t\t<div class=\"sow-slider-image-foreground-wrapper\">\n\t\t\t\t\t\t<img loading=\"lazy\" decoding=\"async\" width=\"2000\" height=\"763\" src=\"https:\/\/www.johannes-janssen.com\/kommunal\/wp-content\/uploads\/sites\/3\/2025\/11\/karriere_johannes_janssen-1.jpg\" class=\"sow-slider-foreground-image\" alt=\"karriere johannes jan\u00dfen\" style=\"\" srcset=\"https:\/\/www.johannes-janssen.com\/kommunal\/wp-content\/uploads\/sites\/3\/2025\/11\/karriere_johannes_janssen-1.jpg 2000w, https:\/\/www.johannes-janssen.com\/kommunal\/wp-content\/uploads\/sites\/3\/2025\/11\/karriere_johannes_janssen-1-300x114.jpg 300w, https:\/\/www.johannes-janssen.com\/kommunal\/wp-content\/uploads\/sites\/3\/2025\/11\/karriere_johannes_janssen-1-1024x391.jpg 1024w, https:\/\/www.johannes-janssen.com\/kommunal\/wp-content\/uploads\/sites\/3\/2025\/11\/karriere_johannes_janssen-1-768x293.jpg 768w, https:\/\/www.johannes-janssen.com\/kommunal\/wp-content\/uploads\/sites\/3\/2025\/11\/karriere_johannes_janssen-1-1536x586.jpg 1536w\" sizes=\"(max-width: 2000px) 100vw, 2000px\" \/>\t\t\t\t\t<\/div>\n\t\t\t\t\t\t\t\t\t<\/div>\n\t\t\t<\/div>\n\t\t\t\t\t<\/li>\n\t\t\t\t<li class=\"sow-slider-image\" style=\"visibility: hidden;\" >\n\t\t\t\t\t\t<div class=\"sow-slider-image-container\">\n\t\t\t\t<div class=\"sow-slider-image-wrapper\" style=\"max-width: 2000px\">\n\t\t\t\t\t\t\t\t\t\t<div class=\"sow-slider-image-foreground-wrapper\">\n\t\t\t\t\t\t<img loading=\"lazy\" decoding=\"async\" width=\"2000\" height=\"763\" src=\"https:\/\/www.johannes-janssen.com\/kommunal\/wp-content\/uploads\/sites\/3\/2025\/11\/karriere_johannes_janssen_2.jpg\" class=\"sow-slider-foreground-image\" alt=\"karriere johannes jan\u00dfen\" style=\"\" srcset=\"https:\/\/www.johannes-janssen.com\/kommunal\/wp-content\/uploads\/sites\/3\/2025\/11\/karriere_johannes_janssen_2.jpg 2000w, https:\/\/www.johannes-janssen.com\/kommunal\/wp-content\/uploads\/sites\/3\/2025\/11\/karriere_johannes_janssen_2-300x114.jpg 300w, https:\/\/www.johannes-janssen.com\/kommunal\/wp-content\/uploads\/sites\/3\/2025\/11\/karriere_johannes_janssen_2-1024x391.jpg 1024w, https:\/\/www.johannes-janssen.com\/kommunal\/wp-content\/uploads\/sites\/3\/2025\/11\/karriere_johannes_janssen_2-768x293.jpg 768w, https:\/\/www.johannes-janssen.com\/kommunal\/wp-content\/uploads\/sites\/3\/2025\/11\/karriere_johannes_janssen_2-1536x586.jpg 1536w\" sizes=\"(max-width: 2000px) 100vw, 2000px\" \/>\t\t\t\t\t<\/div>\n\t\t\t\t\t\t\t\t\t<\/div>\n\t\t\t<\/div>\n\t\t\t\t\t<\/li>\n\t\t\t\t<li class=\"sow-slider-image\" style=\"visibility: hidden;\" >\n\t\t\t\t\t\t<div class=\"sow-slider-image-container\">\n\t\t\t\t<div class=\"sow-slider-image-wrapper\" style=\"max-width: 2000px\">\n\t\t\t\t\t\t\t\t\t\t<div class=\"sow-slider-image-foreground-wrapper\">\n\t\t\t\t\t\t<img loading=\"lazy\" decoding=\"async\" width=\"2000\" height=\"763\" src=\"https:\/\/www.johannes-janssen.com\/kommunal\/wp-content\/uploads\/sites\/3\/2025\/11\/karriere_johannes_janssen_3.jpg\" class=\"sow-slider-foreground-image\" alt=\"karriere johannes jan\u00dfen\" style=\"\" srcset=\"https:\/\/www.johannes-janssen.com\/kommunal\/wp-content\/uploads\/sites\/3\/2025\/11\/karriere_johannes_janssen_3.jpg 2000w, https:\/\/www.johannes-janssen.com\/kommunal\/wp-content\/uploads\/sites\/3\/2025\/11\/karriere_johannes_janssen_3-300x114.jpg 300w, https:\/\/www.johannes-janssen.com\/kommunal\/wp-content\/uploads\/sites\/3\/2025\/11\/karriere_johannes_janssen_3-1024x391.jpg 1024w, https:\/\/www.johannes-janssen.com\/kommunal\/wp-content\/uploads\/sites\/3\/2025\/11\/karriere_johannes_janssen_3-768x293.jpg 768w, https:\/\/www.johannes-janssen.com\/kommunal\/wp-content\/uploads\/sites\/3\/2025\/11\/karriere_johannes_janssen_3-1536x586.jpg 1536w\" sizes=\"(max-width: 2000px) 100vw, 2000px\" \/>\t\t\t\t\t<\/div>\n\t\t\t\t\t\t\t\t\t<\/div>\n\t\t\t<\/div>\n\t\t\t\t\t<\/li>\n\t\t\t\t<li class=\"sow-slider-image\" style=\"visibility: hidden;\" >\n\t\t\t\t\t\t<div class=\"sow-slider-image-container\">\n\t\t\t\t<div class=\"sow-slider-image-wrapper\" style=\"max-width: 2000px\">\n\t\t\t\t\t\t\t\t\t\t<div class=\"sow-slider-image-foreground-wrapper\">\n\t\t\t\t\t\t<img loading=\"lazy\" decoding=\"async\" width=\"2000\" height=\"763\" src=\"https:\/\/www.johannes-janssen.com\/kommunal\/wp-content\/uploads\/sites\/3\/2025\/11\/karriere_johannes_janssen_4.jpg\" class=\"sow-slider-foreground-image\" alt=\"karriere johannes jan\u00dfen\" style=\"\" srcset=\"https:\/\/www.johannes-janssen.com\/kommunal\/wp-content\/uploads\/sites\/3\/2025\/11\/karriere_johannes_janssen_4.jpg 2000w, https:\/\/www.johannes-janssen.com\/kommunal\/wp-content\/uploads\/sites\/3\/2025\/11\/karriere_johannes_janssen_4-300x114.jpg 300w, https:\/\/www.johannes-janssen.com\/kommunal\/wp-content\/uploads\/sites\/3\/2025\/11\/karriere_johannes_janssen_4-1024x391.jpg 1024w, https:\/\/www.johannes-janssen.com\/kommunal\/wp-content\/uploads\/sites\/3\/2025\/11\/karriere_johannes_janssen_4-768x293.jpg 768w, https:\/\/www.johannes-janssen.com\/kommunal\/wp-content\/uploads\/sites\/3\/2025\/11\/karriere_johannes_janssen_4-1536x586.jpg 1536w\" sizes=\"(max-width: 2000px) 100vw, 2000px\" \/>\t\t\t\t\t<\/div>\n\t\t\t\t\t\t\t\t\t<\/div>\n\t\t\t<\/div>\n\t\t\t\t\t<\/li>\n\t\t<\/ul>\t\t\t\t<ol class=\"sow-slider-pagination\">\n\t\t\t\t\t\t\t\t\t\t\t<li><a href=\"#\" data-goto=\"0\" aria-label=\"Display slide 1\"><\/a><\/li>\n\t\t\t\t\t\t\t\t\t\t\t<li><a href=\"#\" data-goto=\"1\" aria-label=\"Display slide 2\"><\/a><\/li>\n\t\t\t\t\t\t\t\t\t\t\t<li><a href=\"#\" data-goto=\"2\" aria-label=\"Display slide 3\"><\/a><\/li>\n\t\t\t\t\t\t\t\t\t\t\t<li><a href=\"#\" data-goto=\"3\" aria-label=\"Display slide 4\"><\/a><\/li>\n\t\t\t\t\t\t\t\t\t<\/ol>\n\n\t\t\t\t<div class=\"sow-slide-nav sow-slide-nav-next\">\n\t\t\t\t\t<a href=\"#\" data-goto=\"next\" aria-label=\"Next slide\" data-action=\"next\">\n\t\t\t\t\t\t<em class=\"sow-sld-icon-thin-right\"><\/em>\n\t\t\t\t\t<\/a>\n\t\t\t\t<\/div>\n\n\t\t\t\t<div class=\"sow-slide-nav sow-slide-nav-prev\">\n\t\t\t\t\t<a href=\"#\" data-goto=\"previous\" aria-label=\"Previous slide\" data-action=\"prev\">\n\t\t\t\t\t\t<em class=\"sow-sld-icon-thin-left\"><\/em>\n\t\t\t\t\t<\/a>\n\t\t\t\t<\/div>\n\t\t\t\t<\/div><\/div><\/div><div id=\"panel-927-0-0-1\" class=\"so-panel widget widget_text\" data-index=\"1\" ><div class=\"panel-widget-style panel-widget-style-for-927-0-0-1\" ><h3 class=\"widget-title\">Werden Sie Teil unseres Teams \u2013 gestalten Sie mit uns eine gru\u0308nere Zukunft!<\/h3>\t\t\t<div class=\"textwidget\"><\/div>\n\t\t<\/div><\/div><div id=\"panel-927-0-0-2\" class=\"so-panel widget widget_text\" data-index=\"2\" ><div class=\"panel-widget-style panel-widget-style-for-927-0-0-2\" >\t\t\t<div class=\"textwidget\"><p><strong>Wir suchen laufend motivierte, qualifizierte und erfahrene Mitarbeiter\/innen f\u00fcr unser Team.<\/strong><\/p>\n<p>Die Johannes Jan\u00dfen GmbH &amp; Co. KG ist ein familiengefu\u0308hrtes Unternehmen, das bereits seit 1958 besteht. Wir verfu\u0308gen u\u0308ber langj\u00e4hrige Erfahrung in der Landschaftspflege, im Garten- und Landschaftsbau sowie im Umwelt- und Naturschutz. Unser engagiertes Team arbeitet t\u00e4glich daran, Natur und Lebensr\u00e4ume nachhaltig zu pflegen, zu gestalten und zu erhalten \u2013 fu\u0308r ein gru\u0308nes und lebenswertes Umfeld.<\/p>\n<p>Unsere Schwerpunkte liegen in der Pflege von Gru\u0308nfl\u00e4chen in Umspannanlagen sowie im Ru\u0308ckschnitt von Vegetation an Freileitungen und im Bereich der Vegetationspflege entlang von Bahnstrecken und Verkehrswegen. Mit einem modernen Maschinenpark, qualifizierten Mitarbeitenden und hohem Qualit\u00e4tsbewusstsein sind wir deutschlandweit im Einsatz.<\/p>\n<p>&nbsp;<\/p>\n<\/div>\n\t\t<\/div><\/div><div id=\"panel-927-0-0-3\" class=\"so-panel widget widget_text\" data-index=\"3\" ><h3 class=\"widget-title\">Unsere aktuellen Stellenausschreibungen<\/h3>\t\t\t<div class=\"textwidget\"><\/div>\n\t\t<\/div><div id=\"panel-927-0-0-4\" class=\"widget_text so-panel widget widget_custom_html panel-last-child\" data-index=\"4\" ><div class=\"textwidget custom-html-widget\"><!DOCTYPE html>\n<html lang=\"de\">\n<head>\n  <meta charset=\"UTF-8\">\n  <meta name=\"viewport\" content=\"width=device-width, initial-scale=1.0\">\n  <title>Accordion Beispiel<\/title>\n  <style>\n    body {\n      font-family: Verdana, Geneva, sans-serif;\n      background: #f4f4f4;\n      padding: 40px;\n      display: flex;\n      justify-content: center;\n    }\n\n    .accordion {\n      background-color: white;\n      border-radius: 10px;\n      box-shadow: 0 2px 8px rgba(0,0,0,0.1);\n      width: 100%; \/* Passt sich auf % der Seitenbreite an *\/\n      max-width: 1000px;\n      overflow: hidden;\n    }\n\n    .accordion-item {\n      border-bottom: 1px solid #ddd;\n    }\n\n    .accordion-header {\n      background-color: #fff;\n      color: #008d22; \/* Textfarbe *\/\n      cursor: pointer;\n      padding: 18px;\n      width: 100%;\n      text-align: left;\n      border: none;\n      outline: none;\n      font-family: Verdana, Geneva, sans-serif;\n      font-size: 20px; \/* Schriftgr\u00f6\u00dfe *\/\n      font-weight: normal;\n      transition: background-color 0.3s;\n    }\n\n    .accordion-header:hover {\n      background-color: #f0f0f0;\n    }\n\n    .accordion-content {\n      padding: 0 18px;\n      max-height: 0;\n      overflow: hidden;\n      transition: max-height 0.3s ease;\n      background-color: #fafafa;\n    }\n\n    .accordion-content p {\n      font-family: Verdana, Geneva, sans-serif;\n      font-size: 14px;\n      line-height: 20px;\n      color: #57585a;\n      margin: 15px 0;\n    }\n\n    .accordion-header.active {\n      background-color: #eaeaea;\n    }\n  <\/style>\n<\/head>\n<body>\n\n  <div class=\"accordion\">\n    <div class=\"accordion-item\">\n      <button class=\"accordion-header\">Landschaftspfleger (m\/w\/d)<\/button>\n      <div class=\"accordion-content\">\n\t\t\t\t<p><b>Unternehmen:<\/b> Johannes Jan\u00dfen GmbH & Co. KG<br>\n\t\t\t\t\t\t<b>Standort:<\/b> Greilack 65, 47546 Kalkar<br>\n\t\t\t\t\t\t<b>Anstellungsart:<\/b> Vollzeit<br>\n\t\t\t\t\t\t<b>Starttermin:<\/b> Ab sofort<\/p>\n\t\t\t\t<p>&nbsp;<\/p>\n\t\t\t\t<p><b>Ihre Aufgaben<\/b><\/p>\n\t\t\t\t<p>\u2022 Pflege und Instandhaltung von Gru\u0308nfl\u00e4chen und Geh\u00f6lzen in Umspannanlagen<br>\n\t\t\t\t\t\u2022 Durchfu\u0308hrung von M\u00e4h-, Schnitt- und Pflanzarbeiten<br>\n\t\t\t\t\t\u2022 Pflege von Biotopen, Hecken und Weger\u00e4ndern<br>\n\t\t\t\t\t\u2022 Ru\u0308ckschnitt von Geh\u00f6lzen und B\u00e4umen im Bereich von Freileitungen (Wintereinsatz)<br>\n\t\t\t\t\t\u2022 Einsatz und Wartung von Maschinen und Ger\u00e4ten<br>\n\t\t\t\t\t\u2022 Unterstu\u0308tzung bei naturschutzfachlichen Projekten<\/p>\n\t\t\t\t<p>&nbsp;<\/p>\n\t\t\t\t<p><b>Ihr Profil<\/b><\/p>\n\t\t\t\t<p>\u2022 Erfahrung im Umgang mit Maschinen und Ger\u00e4ten der Gru\u0308npflege<br>\n\t\t\t\t\t\u2022 Selbstst\u00e4ndige, zuverl\u00e4ssige und verantwortungsbewusste Arbeitsweise<br>\n\t\t\t\t\t\u2022 Teamf\u00e4higkeit und Freude an der Arbeit im Freien<br>\n\t\t\t\t\t\u2022 Fu\u0308hrerschein Klasse B (idealerweise BE)<\/p>\n\t\t\t\t<p>&nbsp;<\/p>\n\t\t\t\t<p><b>Wir bieten<\/b><\/p>\n\t\t\t<p>\u2022 Geregelte Arbeitszeiten und ein sicheres Arbeitsumfeld<br>\n\t\t\t\t\t\u2022 Faire und pu\u0308nktliche Gehaltszahlung zum Monatsende<br>\n\t\t\t\t\t\u2022 Kostenlose Getr\u00e4nke w\u00e4hrend der Arbeitszeit<br>\n\t\t\t\t\t\u2022 Weiterbildungsm\u00f6glichkeiten (z. B. AS-Baum I & II oder Fu\u0308hrerscheinerweiterungen)<br>\n\t\t\t\t\t\u2022 Chance, sich zum Vorarbeiter (m\/w\/d) weiterzuentwickeln<br>\n\t\t\t\t\t\u2022 Moderne Ausstattung und ein motiviertes Team<br>\n\t\t\t\t\t\u2022 Einen aktiven Beitrag zum Umwelt- und Naturschutz in Ihrer Region<\/p>\n      <\/div>\n    <\/div>\n\n    <div class=\"accordion-item\">\n      <button class=\"accordion-header\">Triebfahrzeugfu\u0308hrer \/ Zweiwegebaggerfahrer (m\/w\/d)<\/button>\n      <div class=\"accordion-content\">\n        <p><b>Unternehmen:<\/b> Johannes Jan\u00dfen GmbH & Co. KG<br>\n\t\t\t\t\t\t<b>Standort:<\/b> Greilack 65, 47546 Kalkar<br>\n\t\t\t\t\t\t<b>Anstellungsart:<\/b> Vollzeit<br>\n\t\t\t\t\t\t<b>Starttermin:<\/b> Ab sofort<\/p>\n\t\t\t\t<p>&nbsp;<\/p>\n\t\t\t\t<p><b>Ihre Aufgaben<\/b><\/p>\n\t\t\t\t<p>\u2022 Fu\u0308hren und Bedienen von Zweiwege-Maschinen (Bagger & Unimog) im Vegetationspflegeeinsatz<br>\n\t\t\t\t\t\t\u2022 Durchfu\u0308hrung von Fahrten und Arbeitsg\u00e4ngen im Gleisbereich nach den geltenden Sicherheitsvorschriften<br>\n\t\t\t\t\t\t\u2022 Kontrolle und Pflege der Fahrzeuge sowie Arbeitsger\u00e4te<br>\n\t\t\t\t\t\t\u2022 Zusammenarbeit mit Einsatzleitung und Disposition zur optimalen Einsatzplanung<br>\n\t\t\t\t\t\t\u2022 Dokumentation von Arbeitseins\u00e4tzen und Maschinenzust\u00e4nden<\/p>\n\t\t\t\t<p>&nbsp;<\/p>\n\t\t\t\t<p><b>Ihr Profil<\/b><\/p>\n\t\t\t\t<p>\u2022 Fu\u0308hrerschein Klasse B\/BE\/C\/CE<br>\n\t\t\t\t\t\u2022 Abgeschlossene Ausbildung nach TfV (Triebfahrzeugfu\u0308hrerscheinverordnung), Klasse B \u2013 wu\u0308nschenswert, aber keine Pflicht<br>\n\t\t\t\t\t\u2022 Quereinsteiger mit Fu\u0308hrerschein Klasse C\/CE sind ebenfalls herzlich willkommen<br>\n\t\t\t\t\t\u2022 Kenntnisse der EBO und FV-NE sind von Vorteil<br>\n\t\t\t\t\t\u2022 Technisches Verst\u00e4ndnis und Erfahrung im Umgang mit Maschinen<br>\n\t\t\t\t\t\u2022 Selbstst\u00e4ndige, verantwortungsbewusste und zuverl\u00e4ssige Arbeitsweise<br>\n\t\t\t\t\t\u2022 Bereitschaft zu deutschlandweiten Montageeins\u00e4tzen sowie zur gelegentlichen Arbeit au\u00dferhalb der Regelarbeitszeit<br>\n\u2022 Freude an der Arbeit im Freien<\/p>\n\t\t\t\t<p>&nbsp;<\/p>\n\t\t\t\t<p><b>Wir bieten<\/b><\/p>\n\t\t\t<p>\u2022 Anspruchsvolle und abwechslungsreiche Projekte<br>\n\t\t\t\t\t\u2022 Die M\u00f6glichkeit, Deutschlands Schienen aus einer ganz neuen Sicht zu entdecken<br>\n\t\t\t\t\t\u2022 Planbare Eins\u00e4tze \u2013 damit du schon heute wei\u00dft, was in drei Monaten ansteht<br>\n\t\t\t\t\t\u2022 Unterstu\u0308tzung bei Aus- und Weiterbildungen, ggf. beim Erwerb von Fu\u0308hrerschein- oder Maschinenqualifikationen<br>\n\t\t\t\t\t\u2022 Firmenfahrzeug \u2013 auch zur privaten Nutzung<br>\n\t\t\t\t\t\u2022 Unbefristete Festanstellung in einem familiengefu\u0308hrten, wachsenden Unternehmen<br>\n\t\t\t\t\t\u2022 Leistungsgerechte Vergu\u0308tung inkl. Zulagen und Spesen<br>\n\t\t\t\t\t\u2022 Moderne Zweiwege-Fahrzeuge und hochwertige Arbeitsausstattung<br>\n\t\t\t\t\t\u2022 Kollegiales Team mit flachen Hierarchien<\/p>\n      <\/div>\n    <\/div>\n\n    <div class=\"accordion-item\">\n      <button class=\"accordion-header\">Initiativbewerbung \u2013 Ihre Chance bei uns<\/button>\n      <div class=\"accordion-content\">\n        <p>Sie haben Lust, Teil unseres Teams zu werden, finden aber keine passende Stellenausschreibung?<br>\n\t\t\t\tKein Problem \u2013 wir freuen uns immer \u00fcber engagierte Pers\u00f6nlichkeiten, die mit ihren Ideen, ihrer Erfahrung und Motivation zu unserem Erfolg beitragen m\u00f6chten.<\/p>\n\t\t\t\t<p>Egal, aus welchem Bereiche Sie kommen \u2013 wenn Sie glauben, dass Sie zu uns passen, dann \u00fcberzeugen Sie uns mit Ihrer Initiativbewerbung!<\/p>\n      <\/div>\n    <\/div>\n  <\/div>\n\n  <script>\n    const headers = document.querySelectorAll(\".accordion-header\");\n\n    headers.forEach(header => {\n      header.addEventListener(\"click\", () => {\n        const openItem = document.querySelector(\".accordion-header.active\");\n        if (openItem && openItem !== header) {\n          openItem.classList.remove(\"active\");\n          openItem.nextElementSibling.style.maxHeight = null;\n        }\n\n        header.classList.toggle(\"active\");\n        const content = header.nextElementSibling;\n\n        if (header.classList.contains(\"active\")) {\n          content.style.maxHeight = content.scrollHeight + \"px\";\n        } else {\n          content.style.maxHeight = null;\n        }\n      });\n    });\n  <\/script>\n\n<\/body>\n<\/html>\n<\/div><\/div><\/div><\/div><\/div><div id=\"pg-927-1\"  class=\"panel-grid panel-has-style\" ><div class=\"panel-row-style panel-row-style-for-927-1\" ><div id=\"pgc-927-1-0\"  class=\"panel-grid-cell\" ><div id=\"panel-927-1-0-0\" class=\"so-panel widget widget_text panel-first-child\" data-index=\"5\" ><h3 class=\"widget-title\">Ihre Bewerbung bei uns<\/h3>\t\t\t<div class=\"textwidget\"><p>Wir freuen uns auf Ihre Bewerbung mit Lebenslauf, relevanten Nachweisen und Angaben zu Eintrittstermin und Gehaltsvorstellung per E-Mail an: <a href=\"mailto:Bewerbung@johannes-janssen.com\">Bewerbung@johannes-janssen.com<\/a><\/p>\n<p>Oder per Post an:<br \/>\nJohannes Jan\u00dfen GmbH &amp; Co. KG<br \/>\nGreilack 65<br \/>\n47546 Kalkar<\/p>\n<\/div>\n\t\t<\/div><div id=\"panel-927-1-0-1\" class=\"so-panel widget widget_text panel-last-child\" data-index=\"6\" >\t\t\t<div class=\"textwidget\"><p><strong>Sie haben Fragen zum Bewerbungsprozess oder zu Ihrer Bewerbung?<\/strong><\/p>\n<p>Niels van Haaren steht Ihnen unter 0174 1751059 gerne zur Verfu\u0308gung.<\/p>\n<\/div>\n\t\t<\/div><\/div><\/div><\/div><\/div>","protected":false},"excerpt":{"rendered":"<p>Wir suchen laufend motivierte, qualifizierte und erfahrene Mitarbeiter\/innen f\u00fcr unser Team. Die Johannes Jan\u00dfen GmbH &amp; Co. KG ist ein familiengefu\u0308hrtes Unternehmen, das bereits seit 1958 besteht. Wir verfu\u0308gen u\u0308ber langj\u00e4hrige Erfahrung in der Landschaftspflege, im Garten- und Landschaftsbau sowie &hellip; <a href=\"https:\/\/www.johannes-janssen.com\/kommunal\/karriere\/\">Weiter<\/a><\/p>\n","protected":false},"author":1,"featured_media":0,"parent":0,"menu_order":9,"comment_status":"closed","ping_status":"closed","template":"page-fullwidth.php","meta":{"kt_blocks_editor_width":"","footnotes":""},"class_list":["post-927","page","type-page","status-publish","hentry"],"_links":{"self":[{"href":"https:\/\/www.johannes-janssen.com\/kommunal\/wp-json\/wp\/v2\/pages\/927"}],"collection":[{"href":"https:\/\/www.johannes-janssen.com\/kommunal\/wp-json\/wp\/v2\/pages"}],"about":[{"href":"https:\/\/www.johannes-janssen.com\/kommunal\/wp-json\/wp\/v2\/types\/page"}],"author":[{"embeddable":true,"href":"https:\/\/www.johannes-janssen.com\/kommunal\/wp-json\/wp\/v2\/users\/1"}],"replies":[{"embeddable":true,"href":"https:\/\/www.johannes-janssen.com\/kommunal\/wp-json\/wp\/v2\/comments?post=927"}],"version-history":[{"count":100,"href":"https:\/\/www.johannes-janssen.com\/kommunal\/wp-json\/wp\/v2\/pages\/927\/revisions"}],"predecessor-version":[{"id":1511,"href":"https:\/\/www.johannes-janssen.com\/kommunal\/wp-json\/wp\/v2\/pages\/927\/revisions\/1511"}],"wp:attachment":[{"href":"https:\/\/www.johannes-janssen.com\/kommunal\/wp-json\/wp\/v2\/media?parent=927"}],"curies":[{"name":"wp","href":"https:\/\/api.w.org\/{rel}","templated":true}]}}