{"id":901,"date":"2018-02-26T16:16:59","date_gmt":"2018-02-26T15:16:59","guid":{"rendered":"http:\/\/localhost:8888\/?page_id=901"},"modified":"2025-10-25T10:58:35","modified_gmt":"2025-10-25T08:58:35","slug":"ueber-uns","status":"publish","type":"page","link":"https:\/\/www.johannes-janssen.com\/kommunal\/ueber-uns\/","title":{"rendered":"\u00dcber uns"},"content":{"rendered":"<div id=\"pl-901\"  class=\"panel-layout\" ><div id=\"pg-901-0\"  class=\"panel-grid panel-no-style\" ><div id=\"pgc-901-0-0\"  class=\"panel-grid-cell\" ><div id=\"panel-901-0-0-0\" class=\"so-panel widget widget_text panel-first-child panel-last-child\" data-index=\"0\" ><div id=\"team\" class=\"panel-widget-style panel-widget-style-for-901-0-0-0\" ><h3 class=\"widget-title\">IHRE ANSPRECHPARTNER<\/h3>\t\t\t<div class=\"textwidget\"><p><strong>Sie haben Fragen?<\/strong><\/p>\n<p>Wir helfen Ihnen gerne weiter.<\/p>\n<\/div>\n\t\t<\/div><\/div><\/div><\/div><div id=\"pg-901-1\"  class=\"panel-grid panel-no-style\" ><div id=\"pgc-901-1-0\"  class=\"panel-grid-cell\" ><div id=\"panel-901-1-0-0\" class=\"so-panel widget widget_media_image panel-first-child\" data-index=\"1\" ><img loading=\"lazy\" decoding=\"async\" width=\"200\" height=\"300\" src=\"https:\/\/www.johannes-janssen.com\/kommunal\/wp-content\/uploads\/sites\/3\/2023\/03\/Michael-Strauch-200x300.jpg\" class=\"image wp-image-2670  attachment-medium size-medium\" alt=\"\" style=\"max-width: 100%; height: auto;\" srcset=\"https:\/\/www.johannes-janssen.com\/kommunal\/wp-content\/uploads\/sites\/3\/2023\/03\/Michael-Strauch-200x300.jpg 200w, https:\/\/www.johannes-janssen.com\/kommunal\/wp-content\/uploads\/sites\/3\/2023\/03\/Michael-Strauch-683x1024.jpg 683w, https:\/\/www.johannes-janssen.com\/kommunal\/wp-content\/uploads\/sites\/3\/2023\/03\/Michael-Strauch-768x1152.jpg 768w, https:\/\/www.johannes-janssen.com\/kommunal\/wp-content\/uploads\/sites\/3\/2023\/03\/Michael-Strauch.jpg 1000w\" sizes=\"(max-width: 200px) 100vw, 200px\" \/><\/div><div id=\"panel-901-1-0-1\" class=\"so-panel widget widget_text panel-last-child\" data-index=\"2\" ><h3 class=\"widget-title\">Michael Strauch<\/h3>\t\t\t<div class=\"textwidget\"><p><strong>Eigent\u00fcmer und Gesch\u00e4ftsf\u00fchrer<\/strong><\/p>\n<p><i class=\"icon-phone\" style=\"font-size:25px; color:#008d22;\"><\/i> 02824 9239-18<\/p>\n<p><i class=\"icon-mobile-phone\" style=\"font-size:25px; color:#008d22;\"><\/i> 0160 44 09 832<\/p>\n<p><i class=\"icon-envelope-alt\" style=\"font-size:25px; color:#008d22;\"><\/i> <a href=\"mailto:info@johannes-janssen.com\">info@johannes-janssen.com<\/a><\/p>\n<\/div>\n\t\t<\/div><\/div><div id=\"pgc-901-1-1\"  class=\"panel-grid-cell\" ><div id=\"panel-901-1-1-0\" class=\"so-panel widget widget_media_image panel-first-child\" data-index=\"3\" ><img loading=\"lazy\" decoding=\"async\" width=\"200\" height=\"300\" src=\"https:\/\/www.johannes-janssen.com\/kommunal\/wp-content\/uploads\/sites\/3\/2023\/03\/Emiel-van-Haaren-200x300.jpg\" class=\"image wp-image-2662  attachment-medium size-medium\" alt=\"\" style=\"max-width: 100%; height: auto;\" srcset=\"https:\/\/www.johannes-janssen.com\/kommunal\/wp-content\/uploads\/sites\/3\/2023\/03\/Emiel-van-Haaren-200x300.jpg 200w, https:\/\/www.johannes-janssen.com\/kommunal\/wp-content\/uploads\/sites\/3\/2023\/03\/Emiel-van-Haaren-683x1024.jpg 683w, https:\/\/www.johannes-janssen.com\/kommunal\/wp-content\/uploads\/sites\/3\/2023\/03\/Emiel-van-Haaren-768x1152.jpg 768w, https:\/\/www.johannes-janssen.com\/kommunal\/wp-content\/uploads\/sites\/3\/2023\/03\/Emiel-van-Haaren.jpg 1000w\" sizes=\"(max-width: 200px) 100vw, 200px\" \/><\/div><div id=\"panel-901-1-1-1\" class=\"so-panel widget widget_text panel-last-child\" data-index=\"4\" ><h3 class=\"widget-title\">Emiel van Haaren<\/h3>\t\t\t<div class=\"textwidget\"><p><strong>Betriebsleiter<\/strong><\/p>\n<p><i class=\"icon-phone\" style=\"font-size:25px; color:#008d22;\"><\/i> 02824 9239-24<\/p>\n<p><i class=\"icon-mobile-phone\" style=\"font-size:25px; color:#008d22;\"><\/i> 0171 2184845<\/p>\n<p><i class=\"icon-envelope-alt\" style=\"font-size:25px; color:#008d22;\"><\/i> <a href=\"mailto:e.vanhaaren@johannes-janssen.com\">e.vanhaaren@johannes-janssen.com<\/a><\/p>\n<\/div>\n\t\t<\/div><\/div><div id=\"pgc-901-1-2\"  class=\"panel-grid-cell panel-grid-cell-mobile-last\" ><div id=\"panel-901-1-2-0\" class=\"so-panel widget widget_media_image panel-first-child\" data-index=\"5\" ><img loading=\"lazy\" decoding=\"async\" width=\"200\" height=\"300\" src=\"https:\/\/www.johannes-janssen.com\/kommunal\/wp-content\/uploads\/sites\/3\/2023\/03\/Michael-Slickers-200x300.jpg\" class=\"image wp-image-2669  attachment-medium size-medium\" alt=\"\" style=\"max-width: 100%; height: auto;\" srcset=\"https:\/\/www.johannes-janssen.com\/kommunal\/wp-content\/uploads\/sites\/3\/2023\/03\/Michael-Slickers-200x300.jpg 200w, https:\/\/www.johannes-janssen.com\/kommunal\/wp-content\/uploads\/sites\/3\/2023\/03\/Michael-Slickers-683x1024.jpg 683w, https:\/\/www.johannes-janssen.com\/kommunal\/wp-content\/uploads\/sites\/3\/2023\/03\/Michael-Slickers-768x1152.jpg 768w, https:\/\/www.johannes-janssen.com\/kommunal\/wp-content\/uploads\/sites\/3\/2023\/03\/Michael-Slickers.jpg 1000w\" sizes=\"(max-width: 200px) 100vw, 200px\" \/><\/div><div id=\"panel-901-1-2-1\" class=\"so-panel widget widget_text panel-last-child\" data-index=\"6\" ><h3 class=\"widget-title\">Michael Slickers<\/h3>\t\t\t<div class=\"textwidget\"><p><strong>Einsatzleitung \/ Disponent<\/strong><\/p>\n<p><i class=\"icon-phone\" style=\"font-size:25px; color:#008d22;\"><\/i> 02824 9239-11<\/p>\n<p><i class=\"icon-mobile-phone\" style=\"font-size:25px; color:#008d22;\"><\/i> 0151 28307581<\/p>\n<p><i class=\"icon-envelope-alt\" style=\"font-size:25px; color:#008d22;\"><\/i> <a href=\"mailto:m.slickers@johannes-janssen.com\">m.slickers@johannes-janssen.com<\/a><\/p>\n<\/div>\n\t\t<\/div><\/div><div id=\"pgc-901-1-3\"  class=\"panel-grid-cell panel-grid-cell-empty\" ><\/div><\/div><div id=\"pg-901-2\"  class=\"panel-grid panel-has-style\" ><div class=\"so-parallax panel-row-style panel-row-style-for-901-2\" ><img fetchpriority=\"high\" decoding=\"async\" width=\"2000\" height=\"763\" src=\"https:\/\/www.johannes-janssen.com\/kommunal\/wp-content\/uploads\/sites\/3\/2023\/03\/buero_johannes_janssen_2.jpg\" class=\"attachment-full size-full\" alt=\"\" data-siteorigin-parallax=\"true\" loading=\"eager\" srcset=\"https:\/\/www.johannes-janssen.com\/kommunal\/wp-content\/uploads\/sites\/3\/2023\/03\/buero_johannes_janssen_2.jpg 2000w, https:\/\/www.johannes-janssen.com\/kommunal\/wp-content\/uploads\/sites\/3\/2023\/03\/buero_johannes_janssen_2-300x114.jpg 300w, https:\/\/www.johannes-janssen.com\/kommunal\/wp-content\/uploads\/sites\/3\/2023\/03\/buero_johannes_janssen_2-1024x391.jpg 1024w, https:\/\/www.johannes-janssen.com\/kommunal\/wp-content\/uploads\/sites\/3\/2023\/03\/buero_johannes_janssen_2-768x293.jpg 768w, https:\/\/www.johannes-janssen.com\/kommunal\/wp-content\/uploads\/sites\/3\/2023\/03\/buero_johannes_janssen_2-1536x586.jpg 1536w\" sizes=\"(max-width: 2000px) 100vw, 2000px\" \/><div id=\"pgc-901-2-0\"  class=\"panel-grid-cell\" ><div id=\"panel-901-2-0-0\" class=\"so-panel widget widget_text panel-first-child panel-last-child\" data-index=\"7\" ><div class=\"panel-widget-style panel-widget-style-for-901-2-0-0\" >\t\t\t<div class=\"textwidget\"><p>B\u00dcRO<\/p>\n<\/div>\n\t\t<\/div><\/div><\/div><\/div><\/div><div id=\"pg-901-3\"  class=\"panel-grid panel-no-style\" ><div id=\"pgc-901-3-0\"  class=\"panel-grid-cell\" ><div id=\"panel-901-3-0-0\" class=\"so-panel widget widget_text panel-first-child panel-last-child\" data-index=\"8\" ><h3 class=\"widget-title\">INNENDIENST<\/h3>\t\t\t<div class=\"textwidget\"><\/div>\n\t\t<\/div><\/div><\/div><div id=\"pg-901-4\"  class=\"panel-grid panel-no-style\" ><div id=\"pgc-901-4-0\"  class=\"panel-grid-cell\" ><div id=\"panel-901-4-0-0\" class=\"so-panel widget widget_media_image panel-first-child\" data-index=\"9\" ><img loading=\"lazy\" decoding=\"async\" width=\"200\" height=\"300\" src=\"https:\/\/www.johannes-janssen.com\/kommunal\/wp-content\/uploads\/sites\/3\/2023\/03\/Jens-Muellers-200x300.jpg\" class=\"image wp-image-2664  attachment-medium size-medium\" alt=\"\" style=\"max-width: 100%; height: auto;\" srcset=\"https:\/\/www.johannes-janssen.com\/kommunal\/wp-content\/uploads\/sites\/3\/2023\/03\/Jens-Muellers-200x300.jpg 200w, https:\/\/www.johannes-janssen.com\/kommunal\/wp-content\/uploads\/sites\/3\/2023\/03\/Jens-Muellers-683x1024.jpg 683w, https:\/\/www.johannes-janssen.com\/kommunal\/wp-content\/uploads\/sites\/3\/2023\/03\/Jens-Muellers-768x1152.jpg 768w, https:\/\/www.johannes-janssen.com\/kommunal\/wp-content\/uploads\/sites\/3\/2023\/03\/Jens-Muellers.jpg 1000w\" sizes=\"(max-width: 200px) 100vw, 200px\" \/><\/div><div id=\"panel-901-4-0-1\" class=\"so-panel widget widget_text panel-last-child\" data-index=\"10\" ><h3 class=\"widget-title\">Jens M\u00fcllers<\/h3>\t\t\t<div class=\"textwidget\"><p><strong>Leitung Buchhaltung &amp; Innendienst<\/strong><\/p>\n<p><i class=\"icon-phone\" style=\"font-size:25px; color:#008d22;\"><\/i> 02824 9239-22<\/p>\n<p><i class=\"icon-envelope-alt\" style=\"font-size:25px; color:#008d22;\"><\/i> <a href=\"mailto:j.muellers@johannes-janssen.com\">j.muellers@johannes-janssen.com<\/a><\/p>\n<\/div>\n\t\t<\/div><\/div><div id=\"pgc-901-4-1\"  class=\"panel-grid-cell\" ><div id=\"panel-901-4-1-0\" class=\"so-panel widget widget_media_image panel-first-child\" data-index=\"11\" ><img loading=\"lazy\" decoding=\"async\" width=\"200\" height=\"300\" src=\"https:\/\/www.johannes-janssen.com\/kommunal\/wp-content\/uploads\/sites\/3\/2023\/03\/Tanja-Ripkens-200x300.jpg\" class=\"image wp-image-2671  attachment-medium size-medium\" alt=\"\" style=\"max-width: 100%; height: auto;\" srcset=\"https:\/\/www.johannes-janssen.com\/kommunal\/wp-content\/uploads\/sites\/3\/2023\/03\/Tanja-Ripkens-200x300.jpg 200w, https:\/\/www.johannes-janssen.com\/kommunal\/wp-content\/uploads\/sites\/3\/2023\/03\/Tanja-Ripkens-683x1024.jpg 683w, https:\/\/www.johannes-janssen.com\/kommunal\/wp-content\/uploads\/sites\/3\/2023\/03\/Tanja-Ripkens-768x1152.jpg 768w, https:\/\/www.johannes-janssen.com\/kommunal\/wp-content\/uploads\/sites\/3\/2023\/03\/Tanja-Ripkens.jpg 1000w\" sizes=\"(max-width: 200px) 100vw, 200px\" \/><\/div><div id=\"panel-901-4-1-1\" class=\"so-panel widget widget_text panel-last-child\" data-index=\"12\" ><h3 class=\"widget-title\">Tanja Ripkens<\/h3>\t\t\t<div class=\"textwidget\"><p><strong>Lohnbuchhaltung, Personalwesen<\/strong><\/p>\n<p><i class=\"icon-phone\" style=\"font-size:25px; color:#008d22;\"><\/i> 02824 9239-23<\/p>\n<p><i class=\"icon-envelope-alt\" style=\"font-size:25px; color:#008d22;\"><\/i> <a href=\"mailto:t.ripkens@johannes-janssen.com\">t.ripkens@johannes-janssen.com<\/a> <\/p>\n<\/div>\n\t\t<\/div><\/div><div id=\"pgc-901-4-2\"  class=\"panel-grid-cell panel-grid-cell-empty panel-grid-cell-mobile-last\" ><\/div><div id=\"pgc-901-4-3\"  class=\"panel-grid-cell panel-grid-cell-empty\" ><\/div><\/div><div id=\"pg-901-5\"  class=\"panel-grid panel-has-style\" ><div class=\"so-parallax panel-row-style panel-row-style-for-901-5\" ><img decoding=\"async\" width=\"2000\" height=\"1429\" src=\"https:\/\/www.johannes-janssen.com\/kommunal\/wp-content\/uploads\/sites\/3\/2023\/03\/werkstatt.jpg\" class=\"attachment-full size-full\" alt=\"\" data-siteorigin-parallax=\"true\" loading=\"eager\" srcset=\"https:\/\/www.johannes-janssen.com\/kommunal\/wp-content\/uploads\/sites\/3\/2023\/03\/werkstatt.jpg 2000w, https:\/\/www.johannes-janssen.com\/kommunal\/wp-content\/uploads\/sites\/3\/2023\/03\/werkstatt-300x214.jpg 300w, https:\/\/www.johannes-janssen.com\/kommunal\/wp-content\/uploads\/sites\/3\/2023\/03\/werkstatt-1024x732.jpg 1024w, https:\/\/www.johannes-janssen.com\/kommunal\/wp-content\/uploads\/sites\/3\/2023\/03\/werkstatt-768x549.jpg 768w, https:\/\/www.johannes-janssen.com\/kommunal\/wp-content\/uploads\/sites\/3\/2023\/03\/werkstatt-1536x1097.jpg 1536w\" sizes=\"(max-width: 2000px) 100vw, 2000px\" \/><div id=\"pgc-901-5-0\"  class=\"panel-grid-cell\" ><div id=\"panel-901-5-0-0\" class=\"so-panel widget widget_text panel-first-child panel-last-child\" data-index=\"13\" ><div class=\"panel-widget-style panel-widget-style-for-901-5-0-0\" >\t\t\t<div class=\"textwidget\"><p>WERKSTATT<\/p>\n<\/div>\n\t\t<\/div><\/div><\/div><\/div><\/div><div id=\"pg-901-6\"  class=\"panel-grid panel-no-style\" ><div id=\"pgc-901-6-0\"  class=\"panel-grid-cell\" ><div id=\"panel-901-6-0-0\" class=\"so-panel widget widget_media_image panel-first-child\" data-index=\"14\" ><img loading=\"lazy\" decoding=\"async\" width=\"200\" height=\"300\" src=\"https:\/\/www.johannes-janssen.com\/kommunal\/wp-content\/uploads\/sites\/3\/2023\/03\/Thomas-Krakow-200x300.jpg\" class=\"image wp-image-2672  attachment-medium size-medium\" alt=\"\" style=\"max-width: 100%; height: auto;\" srcset=\"https:\/\/www.johannes-janssen.com\/kommunal\/wp-content\/uploads\/sites\/3\/2023\/03\/Thomas-Krakow-200x300.jpg 200w, https:\/\/www.johannes-janssen.com\/kommunal\/wp-content\/uploads\/sites\/3\/2023\/03\/Thomas-Krakow-683x1024.jpg 683w, https:\/\/www.johannes-janssen.com\/kommunal\/wp-content\/uploads\/sites\/3\/2023\/03\/Thomas-Krakow-768x1152.jpg 768w, https:\/\/www.johannes-janssen.com\/kommunal\/wp-content\/uploads\/sites\/3\/2023\/03\/Thomas-Krakow.jpg 1000w\" sizes=\"(max-width: 200px) 100vw, 200px\" \/><\/div><div id=\"panel-901-6-0-1\" class=\"so-panel widget widget_text panel-last-child\" data-index=\"15\" ><h3 class=\"widget-title\">Thomas Krakow<\/h3>\t\t\t<div class=\"textwidget\"><p><strong>Werkstattleitung<\/strong><\/p>\n<p><i class=\"icon-phone\" style=\"font-size:25px; color:#008d22;\"><\/i> 02824 9239-30<\/p>\n<p><i class=\"icon-envelope-alt\" style=\"font-size:25px; color:#008d22;\"><\/i> <a href=\"mailto:t.krakow@johannes-janssen.com\">t.krakow@johannes-janssen.com<\/a><\/p>\n<\/div>\n\t\t<\/div><\/div><div id=\"pgc-901-6-1\"  class=\"panel-grid-cell\" ><div id=\"panel-901-6-1-0\" class=\"so-panel widget widget_media_image panel-first-child\" data-index=\"16\" ><img loading=\"lazy\" decoding=\"async\" width=\"200\" height=\"300\" src=\"https:\/\/www.johannes-janssen.com\/kommunal\/wp-content\/uploads\/sites\/3\/2023\/03\/Daniel-Mott-1-200x300.jpg\" class=\"image wp-image-2661  attachment-medium size-medium\" alt=\"\" style=\"max-width: 100%; height: auto;\" srcset=\"https:\/\/www.johannes-janssen.com\/kommunal\/wp-content\/uploads\/sites\/3\/2023\/03\/Daniel-Mott-1-200x300.jpg 200w, https:\/\/www.johannes-janssen.com\/kommunal\/wp-content\/uploads\/sites\/3\/2023\/03\/Daniel-Mott-1-683x1024.jpg 683w, https:\/\/www.johannes-janssen.com\/kommunal\/wp-content\/uploads\/sites\/3\/2023\/03\/Daniel-Mott-1-768x1152.jpg 768w, https:\/\/www.johannes-janssen.com\/kommunal\/wp-content\/uploads\/sites\/3\/2023\/03\/Daniel-Mott-1.jpg 1000w\" sizes=\"(max-width: 200px) 100vw, 200px\" \/><\/div><div id=\"panel-901-6-1-1\" class=\"so-panel widget widget_text panel-last-child\" data-index=\"17\" ><h3 class=\"widget-title\">Daniel Mott<\/h3>\t\t\t<div class=\"textwidget\"><p><strong>Stellvertretender Werkstattleiter<\/strong><\/p>\n<p><i class=\"icon-phone\" style=\"font-size:25px; color:#008d22;\"><\/i> 02824 9239-31<\/p>\n<p><i class=\"icon-envelope-alt\" style=\"font-size:25px; color:#008d22;\"><\/i> <a href=\"mailto:d.mott@johannes-janssen.com\">d.mott@johannes-janssen.com<\/a><\/p>\n<\/div>\n\t\t<\/div><\/div><div id=\"pgc-901-6-2\"  class=\"panel-grid-cell panel-grid-cell-empty panel-grid-cell-mobile-last\" ><\/div><div id=\"pgc-901-6-3\"  class=\"panel-grid-cell panel-grid-cell-empty\" ><\/div><\/div><div id=\"pg-901-7\"  class=\"panel-grid panel-no-style\" ><div id=\"pgc-901-7-0\"  class=\"panel-grid-cell\" ><div id=\"panel-901-7-0-0\" class=\"so-panel widget widget_sow-slider panel-first-child panel-last-child\" data-index=\"18\" ><div id=\"historie\" class=\"panel-widget-style panel-widget-style-for-901-7-0-0\" ><div\n\t\t\t\n\t\t\tclass=\"so-widget-sow-slider so-widget-sow-slider-default-6d39609536fd-901\"\n\t\t\t\n\t\t>\t\t\t\t<div class=\"sow-slider-base\" style=\"display: none\" tabindex=\"0\">\n\t\t\t\t\t<ul\n\t\t\t\t\tclass=\"sow-slider-images\"\n\t\t\t\t\tdata-settings=\"{&quot;pagination&quot;:true,&quot;speed&quot;:800,&quot;timeout&quot;:8000,&quot;paused&quot;:false,&quot;pause_on_hover&quot;:false,&quot;swipe&quot;:true,&quot;nav_always_show_desktop&quot;:&quot;&quot;,&quot;nav_always_show_mobile&quot;:&quot;&quot;,&quot;breakpoint&quot;:&quot;780px&quot;,&quot;unmute&quot;:false,&quot;anchor&quot;:null}\"\n\t\t\t\t\t\t\t\t\t\tdata-anchor-id=\"\"\n\t\t\t\t>\t\t<li class=\"sow-slider-image\" style=\"visibility: visible;\" >\n\t\t\t\t\t\t<div class=\"sow-slider-image-container\">\n\t\t\t\t<div class=\"sow-slider-image-wrapper\" style=\"max-width: 2000px\">\n\t\t\t\t\t\t\t\t\t\t<div class=\"sow-slider-image-foreground-wrapper\">\n\t\t\t\t\t\t<img loading=\"lazy\" decoding=\"async\" width=\"2000\" height=\"763\" src=\"https:\/\/www.johannes-janssen.com\/kommunal\/wp-content\/uploads\/sites\/3\/2023\/03\/johannes_janssen.jpg\" class=\"sow-slider-foreground-image\" alt=\"\" style=\"\" srcset=\"https:\/\/www.johannes-janssen.com\/kommunal\/wp-content\/uploads\/sites\/3\/2023\/03\/johannes_janssen.jpg 2000w, https:\/\/www.johannes-janssen.com\/kommunal\/wp-content\/uploads\/sites\/3\/2023\/03\/johannes_janssen-300x114.jpg 300w, https:\/\/www.johannes-janssen.com\/kommunal\/wp-content\/uploads\/sites\/3\/2023\/03\/johannes_janssen-1024x391.jpg 1024w, https:\/\/www.johannes-janssen.com\/kommunal\/wp-content\/uploads\/sites\/3\/2023\/03\/johannes_janssen-768x293.jpg 768w, https:\/\/www.johannes-janssen.com\/kommunal\/wp-content\/uploads\/sites\/3\/2023\/03\/johannes_janssen-1536x586.jpg 1536w\" sizes=\"(max-width: 2000px) 100vw, 2000px\" \/>\t\t\t\t\t<\/div>\n\t\t\t\t\t\t\t\t\t<\/div>\n\t\t\t<\/div>\n\t\t\t\t\t<\/li>\n\t\t\t\t<li class=\"sow-slider-image\" style=\"visibility: hidden;\" >\n\t\t\t\t\t\t<div class=\"sow-slider-image-container\">\n\t\t\t\t<div class=\"sow-slider-image-wrapper\" style=\"max-width: 2000px\">\n\t\t\t\t\t\t\t\t\t\t<div class=\"sow-slider-image-foreground-wrapper\">\n\t\t\t\t\t\t<img loading=\"lazy\" decoding=\"async\" width=\"2000\" height=\"763\" src=\"https:\/\/www.johannes-janssen.com\/kommunal\/wp-content\/uploads\/sites\/3\/2023\/03\/johannes_janssen_2.jpg\" class=\"sow-slider-foreground-image\" alt=\"\" style=\"\" srcset=\"https:\/\/www.johannes-janssen.com\/kommunal\/wp-content\/uploads\/sites\/3\/2023\/03\/johannes_janssen_2.jpg 2000w, https:\/\/www.johannes-janssen.com\/kommunal\/wp-content\/uploads\/sites\/3\/2023\/03\/johannes_janssen_2-300x114.jpg 300w, https:\/\/www.johannes-janssen.com\/kommunal\/wp-content\/uploads\/sites\/3\/2023\/03\/johannes_janssen_2-1024x391.jpg 1024w, https:\/\/www.johannes-janssen.com\/kommunal\/wp-content\/uploads\/sites\/3\/2023\/03\/johannes_janssen_2-768x293.jpg 768w, https:\/\/www.johannes-janssen.com\/kommunal\/wp-content\/uploads\/sites\/3\/2023\/03\/johannes_janssen_2-1536x586.jpg 1536w\" sizes=\"(max-width: 2000px) 100vw, 2000px\" \/>\t\t\t\t\t<\/div>\n\t\t\t\t\t\t\t\t\t<\/div>\n\t\t\t<\/div>\n\t\t\t\t\t<\/li>\n\t\t\t\t<li class=\"sow-slider-image\" style=\"visibility: hidden;\" >\n\t\t\t\t\t\t<div class=\"sow-slider-image-container\">\n\t\t\t\t<div class=\"sow-slider-image-wrapper\" style=\"max-width: 2000px\">\n\t\t\t\t\t\t\t\t\t\t<div class=\"sow-slider-image-foreground-wrapper\">\n\t\t\t\t\t\t<img loading=\"lazy\" decoding=\"async\" width=\"2000\" height=\"763\" src=\"https:\/\/www.johannes-janssen.com\/kommunal\/wp-content\/uploads\/sites\/3\/2023\/03\/johannes_janssen_1.jpg\" class=\"sow-slider-foreground-image\" alt=\"\" style=\"\" srcset=\"https:\/\/www.johannes-janssen.com\/kommunal\/wp-content\/uploads\/sites\/3\/2023\/03\/johannes_janssen_1.jpg 2000w, https:\/\/www.johannes-janssen.com\/kommunal\/wp-content\/uploads\/sites\/3\/2023\/03\/johannes_janssen_1-300x114.jpg 300w, https:\/\/www.johannes-janssen.com\/kommunal\/wp-content\/uploads\/sites\/3\/2023\/03\/johannes_janssen_1-1024x391.jpg 1024w, https:\/\/www.johannes-janssen.com\/kommunal\/wp-content\/uploads\/sites\/3\/2023\/03\/johannes_janssen_1-768x293.jpg 768w, https:\/\/www.johannes-janssen.com\/kommunal\/wp-content\/uploads\/sites\/3\/2023\/03\/johannes_janssen_1-1536x586.jpg 1536w\" sizes=\"(max-width: 2000px) 100vw, 2000px\" \/>\t\t\t\t\t<\/div>\n\t\t\t\t\t\t\t\t\t<\/div>\n\t\t\t<\/div>\n\t\t\t\t\t<\/li>\n\t\t\t\t<li class=\"sow-slider-image\" style=\"visibility: hidden;\" >\n\t\t\t\t\t\t<div class=\"sow-slider-image-container\">\n\t\t\t\t<div class=\"sow-slider-image-wrapper\" style=\"max-width: 2000px\">\n\t\t\t\t\t\t\t\t\t\t<div class=\"sow-slider-image-foreground-wrapper\">\n\t\t\t\t\t\t<img loading=\"lazy\" decoding=\"async\" width=\"2000\" height=\"763\" src=\"https:\/\/www.johannes-janssen.com\/kommunal\/wp-content\/uploads\/sites\/3\/2023\/03\/johannes_janssen_3.jpg\" class=\"sow-slider-foreground-image\" alt=\"\" style=\"\" srcset=\"https:\/\/www.johannes-janssen.com\/kommunal\/wp-content\/uploads\/sites\/3\/2023\/03\/johannes_janssen_3.jpg 2000w, https:\/\/www.johannes-janssen.com\/kommunal\/wp-content\/uploads\/sites\/3\/2023\/03\/johannes_janssen_3-300x114.jpg 300w, https:\/\/www.johannes-janssen.com\/kommunal\/wp-content\/uploads\/sites\/3\/2023\/03\/johannes_janssen_3-1024x391.jpg 1024w, https:\/\/www.johannes-janssen.com\/kommunal\/wp-content\/uploads\/sites\/3\/2023\/03\/johannes_janssen_3-768x293.jpg 768w, https:\/\/www.johannes-janssen.com\/kommunal\/wp-content\/uploads\/sites\/3\/2023\/03\/johannes_janssen_3-1536x586.jpg 1536w\" sizes=\"(max-width: 2000px) 100vw, 2000px\" \/>\t\t\t\t\t<\/div>\n\t\t\t\t\t\t\t\t\t<\/div>\n\t\t\t<\/div>\n\t\t\t\t\t<\/li>\n\t\t<\/ul>\t\t\t\t<ol class=\"sow-slider-pagination\">\n\t\t\t\t\t\t\t\t\t\t\t<li><a href=\"#\" data-goto=\"0\" aria-label=\"Display slide 1\"><\/a><\/li>\n\t\t\t\t\t\t\t\t\t\t\t<li><a href=\"#\" data-goto=\"1\" aria-label=\"Display slide 2\"><\/a><\/li>\n\t\t\t\t\t\t\t\t\t\t\t<li><a href=\"#\" data-goto=\"2\" aria-label=\"Display slide 3\"><\/a><\/li>\n\t\t\t\t\t\t\t\t\t\t\t<li><a href=\"#\" data-goto=\"3\" aria-label=\"Display slide 4\"><\/a><\/li>\n\t\t\t\t\t\t\t\t\t<\/ol>\n\n\t\t\t\t<div class=\"sow-slide-nav sow-slide-nav-next\">\n\t\t\t\t\t<a href=\"#\" data-goto=\"next\" aria-label=\"Next slide\" data-action=\"next\">\n\t\t\t\t\t\t<em class=\"sow-sld-icon-thin-right\"><\/em>\n\t\t\t\t\t<\/a>\n\t\t\t\t<\/div>\n\n\t\t\t\t<div class=\"sow-slide-nav sow-slide-nav-prev\">\n\t\t\t\t\t<a href=\"#\" data-goto=\"previous\" aria-label=\"Previous slide\" data-action=\"prev\">\n\t\t\t\t\t\t<em class=\"sow-sld-icon-thin-left\"><\/em>\n\t\t\t\t\t<\/a>\n\t\t\t\t<\/div>\n\t\t\t\t<\/div><\/div><\/div><\/div><\/div><\/div><div id=\"pg-901-8\"  class=\"panel-grid panel-has-style\" ><div class=\"panel-row-style panel-row-style-for-901-8\" ><div id=\"pgc-901-8-0\"  class=\"panel-grid-cell\" ><div id=\"panel-901-8-0-0\" class=\"so-panel widget widget_text panel-first-child\" data-index=\"19\" ><h3 class=\"widget-title\">UNSERE FIRMENGESCHICHTE<\/h3>\t\t\t<div class=\"textwidget\"><div class=\"item\">\n<p>Seit \u00fcber 50 Jahren hat sich die Johannes Jan\u00dfen GmbH und Co. KG, das als landwirtschaftlicher Lohnbetrieb mit Sitz in Kalkar-Niederm\u00f6rmter gegr\u00fcndet wurde, zu einem verl\u00e4sslichen Partner von Kommunen und Industrie in ganz Deutschland entwickelt.<\/p>\n<p>Zu einem marktf\u00fchrenden Dienstleistungsunternehmen gereift, bietet das Unternehmen heute alle Bereiche der industriellen und kommunalen Landschaftspflege an. Ausgestattet mit einem umfangreichen und modernen Maschinenpark, einer eigenen Werkstatt und mit dem Fachwissen seiner rund 40 engagierten, festangestellten Mitarbeiter\u00a0versteht es die Johannes Jan\u00dfen GmbH &amp; Co. KG t\u00e4glich Kundenw\u00fcnsche effizient zu erf\u00fcllen. Das Personal erf\u00fcllt durch laufende Schulungen alle beh\u00f6rdlichen und gesetzlichen Anforderungen. Als Ausbildungsbetrieb vermitteln wir das erworbene Know-how konsequent an unsere Nachwuchskr\u00e4fte weiter.<\/p>\n<p><strong>Unser Erfolgsrezept:<\/strong><br \/>\nFachgerechte und engagierte Dienstleistung mit optimalem und modernem Maschineneinsatz.\u00a0Individuelle Kundenanspr\u00fcche zu erf\u00fcllen und spezielle L\u00f6sungen anzubieten, ist unsere t\u00e4gliche Verpflichtung.<\/p>\n<\/div>\n<\/div>\n\t\t<\/div><div id=\"panel-901-8-0-1\" class=\"so-panel widget widget_text panel-last-child\" data-index=\"20\" ><h3 class=\"widget-title\">MEILENSTEINE<\/h3>\t\t\t<div class=\"textwidget\"><div class=\"item\">\n<p style=\"font-weight: 400;\"><strong style=\"color: #008d22;\">1986<\/strong><br \/>\ngr\u00fcndete der Namensgeber Johannes Jan\u00dfen die Johannes Jan\u00dfen GmbH &amp; Co. KG als landtechnisches Lohn- und Pflanzenschutzunternehmen\u00a0sowie industrielle und kommunale Landschaftspflege<\/p>\n<p style=\"font-weight: 400;\"><strong style=\"color: #008d22;\">2009<\/strong><br \/>\nkauft Micheal Strauch das Unternehmen und f\u00fchrt es am Standort Fuhrenweg 11 unter dem Namen \u201eJan\u00dfen \u2013 ein Unternehmen der STRAUCH-Gruppe\u201c weiter<\/p>\n<p style=\"font-weight: 400;\"><strong style=\"color: #008d22;\">2011<\/strong><br \/>\nerhalt des RAL G\u00fctezeichens Baumpflege<\/p>\n<p style=\"font-weight: 400;\"><strong style=\"color: #008d22;\">2014<\/strong><br \/>\nerhalt des AMS Zertifikates<\/p>\n<p style=\"font-weight: 400;\"><strong style=\"color: #008d22;\">2016<\/strong><br \/>\nEr\u00f6ffnung der neuen Fl\u00fcssigd\u00fcngeranlage am Standort Greilack 65 in Kalkar Niederm\u00f6rmter<\/p>\n<p style=\"font-weight: 400;\"><strong style=\"color: #008d22;\">2020\/21<\/strong><br \/>\nder neue Firmenstandort auf dem Greilack 65 in Kalkar Niederm\u00f6rmter wird errichtet und ist neuer Sitz des Unternehmens<\/p>\n<\/div>\n<\/div>\n\t\t<\/div><\/div><\/div><\/div><div id=\"pg-901-9\"  class=\"panel-grid panel-has-style\" ><div class=\"panel-row-style panel-row-style-for-901-9\" ><div id=\"pgc-901-9-0\"  class=\"panel-grid-cell\" ><div id=\"panel-901-9-0-0\" class=\"so-panel widget widget_text panel-first-child panel-last-child\" data-index=\"21\" ><h3 class=\"widget-title\">UNSERE ZERTIFIZIERUNGEN<\/h3>\t\t\t<div class=\"textwidget\"><\/div>\n\t\t<\/div><\/div><\/div><\/div><div id=\"pg-901-10\"  class=\"panel-grid panel-has-style\" ><div class=\"panel-row-style panel-row-style-for-901-10\" ><div id=\"pgc-901-10-0\"  class=\"panel-grid-cell panel-grid-cell-empty\" ><\/div><div id=\"pgc-901-10-1\"  class=\"panel-grid-cell\" ><div id=\"panel-901-10-1-0\" class=\"so-panel widget widget_media_image panel-first-child\" data-index=\"22\" ><img loading=\"lazy\" decoding=\"async\" width=\"800\" height=\"533\" src=\"https:\/\/www.johannes-janssen.com\/kommunal\/wp-content\/uploads\/sites\/3\/2018\/03\/ams_zertifikat-1.jpg\" class=\"image wp-image-1474  attachment-full size-full\" alt=\"Arbeitsschutz-management-system\" style=\"max-width: 100%; height: auto;\" srcset=\"https:\/\/www.johannes-janssen.com\/kommunal\/wp-content\/uploads\/sites\/3\/2018\/03\/ams_zertifikat-1.jpg 800w, https:\/\/www.johannes-janssen.com\/kommunal\/wp-content\/uploads\/sites\/3\/2018\/03\/ams_zertifikat-1-300x200.jpg 300w, https:\/\/www.johannes-janssen.com\/kommunal\/wp-content\/uploads\/sites\/3\/2018\/03\/ams_zertifikat-1-768x512.jpg 768w, https:\/\/www.johannes-janssen.com\/kommunal\/wp-content\/uploads\/sites\/3\/2018\/03\/ams_zertifikat-1-272x182.jpg 272w\" sizes=\"(max-width: 800px) 100vw, 800px\" \/><\/div><div id=\"panel-901-10-1-1\" class=\"so-panel widget widget_text panel-last-child\" data-index=\"23\" ><h3 class=\"widget-title\">AMS SVLFG<\/h3>\t\t\t<div class=\"textwidget\"><p>Sicherheit und Arbeitsschutz sind f\u00fcr uns besonders wichtig, deshalb ist unser Betrieb seit 2014 nach SVLFG zertifiziert.<\/p>\n<\/div>\n\t\t<\/div><\/div><div id=\"pgc-901-10-2\"  class=\"panel-grid-cell panel-grid-cell-mobile-last\" ><div id=\"panel-901-10-2-0\" class=\"so-panel widget widget_media_image panel-first-child\" data-index=\"24\" ><img loading=\"lazy\" decoding=\"async\" width=\"800\" height=\"533\" src=\"https:\/\/www.johannes-janssen.com\/kommunal\/wp-content\/uploads\/sites\/3\/2023\/03\/csm_RAL_logo_neu.jpg\" class=\"image wp-image-2841  attachment-full size-full\" alt=\"\" style=\"max-width: 100%; height: auto;\" srcset=\"https:\/\/www.johannes-janssen.com\/kommunal\/wp-content\/uploads\/sites\/3\/2023\/03\/csm_RAL_logo_neu.jpg 800w, https:\/\/www.johannes-janssen.com\/kommunal\/wp-content\/uploads\/sites\/3\/2023\/03\/csm_RAL_logo_neu-300x200.jpg 300w, https:\/\/www.johannes-janssen.com\/kommunal\/wp-content\/uploads\/sites\/3\/2023\/03\/csm_RAL_logo_neu-768x512.jpg 768w, https:\/\/www.johannes-janssen.com\/kommunal\/wp-content\/uploads\/sites\/3\/2023\/03\/csm_RAL_logo_neu-272x182.jpg 272w\" sizes=\"(max-width: 800px) 100vw, 800px\" \/><\/div><div id=\"panel-901-10-2-1\" class=\"so-panel widget widget_text panel-last-child\" data-index=\"25\" ><h3 class=\"widget-title\">RAL<\/h3>\t\t\t<div class=\"textwidget\"><p><strong>GZ 248\/3 &#8222;Baumf\u00e4llung&#8220;<br \/>\n<\/strong>f\u00fcr Leistungen im Bereich der Baumf\u00e4llung<br \/>\n<a href=\"https:\/\/www.ral-baumpflege.de\/guetezeichen\/gz-3-baumfaellung\/\" target=\"_blank\" rel=\"noopener\">mehr erfahren<\/a><\/p>\n<\/div>\n\t\t<\/div><\/div><div id=\"pgc-901-10-3\"  class=\"panel-grid-cell panel-grid-cell-empty\" ><\/div><\/div><\/div><\/div>","protected":false},"excerpt":{"rendered":"<p>Sie haben Fragen? Wir helfen Ihnen gerne weiter. Eigent\u00fcmer und Gesch\u00e4ftsf\u00fchrer 02824 9239-18 0160 44 09 832 info@johannes-janssen.com Betriebsleiter 02824 9239-24 0171 2184845 e.vanhaaren@johannes-janssen.com Einsatzleitung \/ Disponent 02824 9239-11 0151 28307581 m.slickers@johannes-janssen.com<\/p>\n","protected":false},"author":1,"featured_media":0,"parent":0,"menu_order":8,"comment_status":"closed","ping_status":"closed","template":"page-fullwidth.php","meta":{"kt_blocks_editor_width":"","footnotes":""},"class_list":["post-901","page","type-page","status-publish","hentry"],"_links":{"self":[{"href":"https:\/\/www.johannes-janssen.com\/kommunal\/wp-json\/wp\/v2\/pages\/901"}],"collection":[{"href":"https:\/\/www.johannes-janssen.com\/kommunal\/wp-json\/wp\/v2\/pages"}],"about":[{"href":"https:\/\/www.johannes-janssen.com\/kommunal\/wp-json\/wp\/v2\/types\/page"}],"author":[{"embeddable":true,"href":"https:\/\/www.johannes-janssen.com\/kommunal\/wp-json\/wp\/v2\/users\/1"}],"replies":[{"embeddable":true,"href":"https:\/\/www.johannes-janssen.com\/kommunal\/wp-json\/wp\/v2\/comments?post=901"}],"version-history":[{"count":101,"href":"https:\/\/www.johannes-janssen.com\/kommunal\/wp-json\/wp\/v2\/pages\/901\/revisions"}],"predecessor-version":[{"id":2977,"href":"https:\/\/www.johannes-janssen.com\/kommunal\/wp-json\/wp\/v2\/pages\/901\/revisions\/2977"}],"wp:attachment":[{"href":"https:\/\/www.johannes-janssen.com\/kommunal\/wp-json\/wp\/v2\/media?parent=901"}],"curies":[{"name":"wp","href":"https:\/\/api.w.org\/{rel}","templated":true}]}}