{"version":"1.0","provider_name":"Johannes Jan\u00dfen","provider_url":"https:\/\/www.johannes-janssen.com\/kommunal","author_name":"Strauch","author_url":"https:\/\/www.johannes-janssen.com\/kommunal\/blog\/author\/b02221b2b060389b\/","title":"Start in die Getreideernte 2020 - Johannes Jan\u00dfen","type":"rich","width":600,"height":338,"html":"<blockquote class=\"wp-embedded-content\" data-secret=\"g1Fry78Cq7\"><a href=\"https:\/\/www.johannes-janssen.com\/kommunal\/blog\/2020\/06\/24\/start-in-die-getreideernte-2020\/\">Start in die Getreideernte 2020<\/a><\/blockquote><iframe sandbox=\"allow-scripts\" security=\"restricted\" src=\"https:\/\/www.johannes-janssen.com\/kommunal\/blog\/2020\/06\/24\/start-in-die-getreideernte-2020\/embed\/#?secret=g1Fry78Cq7\" width=\"600\" height=\"338\" title=\"&#8222;Start in die Getreideernte 2020&#8220; &#8211; Johannes Jan\u00dfen\" data-secret=\"g1Fry78Cq7\" frameborder=\"0\" marginwidth=\"0\" marginheight=\"0\" scrolling=\"no\" class=\"wp-embedded-content\"><\/iframe><script type=\"text\/javascript\">\n\/* <![CDATA[ *\/\n\/*! This file is auto-generated *\/\n!function(d,l){\"use strict\";l.querySelector&&d.addEventListener&&\"undefined\"!=typeof URL&&(d.wp=d.wp||{},d.wp.receiveEmbedMessage||(d.wp.receiveEmbedMessage=function(e){var t=e.data;if((t||t.secret||t.message||t.value)&&!\/[^a-zA-Z0-9]\/.test(t.secret)){for(var s,r,n,a=l.querySelectorAll('iframe[data-secret=\"'+t.secret+'\"]'),o=l.querySelectorAll('blockquote[data-secret=\"'+t.secret+'\"]'),c=new RegExp(\"^https?:$\",\"i\"),i=0;i<o.length;i++)o[i].style.display=\"none\";for(i=0;i<a.length;i++)s=a[i],e.source===s.contentWindow&&(s.removeAttribute(\"style\"),\"height\"===t.message?(1e3<(r=parseInt(t.value,10))?r=1e3:~~r<200&&(r=200),s.height=r):\"link\"===t.message&&(r=new URL(s.getAttribute(\"src\")),n=new URL(t.value),c.test(n.protocol))&&n.host===r.host&&l.activeElement===s&&(d.top.location.href=t.value))}},d.addEventListener(\"message\",d.wp.receiveEmbedMessage,!1),l.addEventListener(\"DOMContentLoaded\",function(){for(var e,t,s=l.querySelectorAll(\"iframe.wp-embedded-content\"),r=0;r<s.length;r++)(t=(e=s[r]).getAttribute(\"data-secret\"))||(t=Math.random().toString(36).substring(2,12),e.src+=\"#?secret=\"+t,e.setAttribute(\"data-secret\",t)),e.contentWindow.postMessage({message:\"ready\",secret:t},\"*\")},!1)))}(window,document);\n\/* ]]> *\/\n<\/script>\n","description":"Mit unseren M\u00e4hdreschern ernten wir von etwa Mitte Juni, bis Ende August Ihr Getreide schnell und wirtschaftlich. Bei der Getreideernte werden Kornfr\u00fcchte f\u00fcr die Futtermittelindustrie oder auch als Futter f\u00fcr landwirtschaftliche Betriebe gewonnen. Zuerst wird das Getreide gem\u00e4ht und dann &hellip; Weiter","thumbnail_url":"https:\/\/www.johannes-janssen.com\/kommunal\/wp-content\/uploads\/sites\/3\/2020\/06\/IMG-20200715-WA0003.jpg","thumbnail_width":1200,"thumbnail_height":1600}