{"id":1443,"date":"2018-03-16T18:44:41","date_gmt":"2018-03-16T17:44:41","guid":{"rendered":"https:\/\/www.strauch-lu.de\/?post_type=portfolio&#038;p=1443"},"modified":"2018-03-16T21:18:29","modified_gmt":"2018-03-16T20:18:29","slug":"bodenbearbeitung","status":"publish","type":"portfolio","link":"https:\/\/www.johannes-janssen.com\/agrar\/portfolio\/bodenbearbeitung\/","title":{"rendered":"Bodenbearbeitung"},"content":{"rendered":"<div id=\"pl-1443\"  class=\"panel-layout\" ><div id=\"pg-1443-0\"  class=\"panel-grid panel-has-style\" ><div class=\"panel-row-style panel-row-style-for-1443-0\" ><div id=\"pgc-1443-0-0\"  class=\"panel-grid-cell\" ><div id=\"panel-1443-0-0-0\" class=\"so-panel widget widget_sow-slider panel-first-child panel-last-child\" data-index=\"0\" ><div\n\t\t\t\n\t\t\tclass=\"so-widget-sow-slider so-widget-sow-slider-default-6d39609536fd-1443\"\n\t\t\t\n\t\t>\t\t\t\t<div class=\"sow-slider-base\" style=\"display: none\" tabindex=\"0\">\n\t\t\t\t\t<ul\n\t\t\t\t\tclass=\"sow-slider-images\"\n\t\t\t\t\tdata-settings=\"{&quot;pagination&quot;:true,&quot;speed&quot;:800,&quot;timeout&quot;:8000,&quot;paused&quot;:false,&quot;pause_on_hover&quot;:false,&quot;swipe&quot;:true,&quot;nav_always_show_desktop&quot;:&quot;&quot;,&quot;nav_always_show_mobile&quot;:&quot;&quot;,&quot;breakpoint&quot;:&quot;780px&quot;,&quot;unmute&quot;:false,&quot;anchor&quot;:null}\"\n\t\t\t\t\t\t\t\t\t\tdata-anchor-id=\"\"\n\t\t\t\t>\t\t<li class=\"sow-slider-image\" style=\"visibility: visible;\" >\n\t\t\t\t\t\t<div class=\"sow-slider-image-container\">\n\t\t\t\t<div class=\"sow-slider-image-wrapper\" style=\"max-width: 2000px\">\n\t\t\t\t\t\t\t\t\t\t<div class=\"sow-slider-image-foreground-wrapper\">\n\t\t\t\t\t\t<img loading=\"lazy\" decoding=\"async\" width=\"2000\" height=\"763\" src=\"https:\/\/www.johannes-janssen.com\/agrar\/wp-content\/uploads\/sites\/2\/2018\/03\/bodenbearbeitung_landwirtschaft-1.jpg\" class=\"sow-slider-foreground-image\" alt=\"Bodenbearbeitung Ackerland\" style=\"\" srcset=\"https:\/\/www.johannes-janssen.com\/agrar\/wp-content\/uploads\/sites\/2\/2018\/03\/bodenbearbeitung_landwirtschaft-1.jpg 2000w, https:\/\/www.johannes-janssen.com\/agrar\/wp-content\/uploads\/sites\/2\/2018\/03\/bodenbearbeitung_landwirtschaft-1-300x114.jpg 300w, https:\/\/www.johannes-janssen.com\/agrar\/wp-content\/uploads\/sites\/2\/2018\/03\/bodenbearbeitung_landwirtschaft-1-768x293.jpg 768w, https:\/\/www.johannes-janssen.com\/agrar\/wp-content\/uploads\/sites\/2\/2018\/03\/bodenbearbeitung_landwirtschaft-1-1024x391.jpg 1024w\" sizes=\"(max-width: 2000px) 100vw, 2000px\" \/>\t\t\t\t\t<\/div>\n\t\t\t\t\t\t\t\t\t<\/div>\n\t\t\t<\/div>\n\t\t\t\t\t<\/li>\n\t\t\t\t<li class=\"sow-slider-image\" style=\"visibility: hidden;\" >\n\t\t\t\t\t\t<div class=\"sow-slider-image-container\">\n\t\t\t\t<div class=\"sow-slider-image-wrapper\" style=\"max-width: 2000px\">\n\t\t\t\t\t\t\t\t\t\t<div class=\"sow-slider-image-foreground-wrapper\">\n\t\t\t\t\t\t<img loading=\"lazy\" decoding=\"async\" width=\"2000\" height=\"763\" src=\"https:\/\/www.johannes-janssen.com\/agrar\/wp-content\/uploads\/sites\/2\/2018\/03\/pfluegen-1.jpg\" class=\"sow-slider-foreground-image\" alt=\"pfl\u00fcgen Feld bestellen\" style=\"\" srcset=\"https:\/\/www.johannes-janssen.com\/agrar\/wp-content\/uploads\/sites\/2\/2018\/03\/pfluegen-1.jpg 2000w, https:\/\/www.johannes-janssen.com\/agrar\/wp-content\/uploads\/sites\/2\/2018\/03\/pfluegen-1-300x114.jpg 300w, https:\/\/www.johannes-janssen.com\/agrar\/wp-content\/uploads\/sites\/2\/2018\/03\/pfluegen-1-768x293.jpg 768w, https:\/\/www.johannes-janssen.com\/agrar\/wp-content\/uploads\/sites\/2\/2018\/03\/pfluegen-1-1024x391.jpg 1024w\" sizes=\"(max-width: 2000px) 100vw, 2000px\" \/>\t\t\t\t\t<\/div>\n\t\t\t\t\t\t\t\t\t<\/div>\n\t\t\t<\/div>\n\t\t\t\t\t<\/li>\n\t\t\t\t<li class=\"sow-slider-image\" style=\"visibility: hidden;\" >\n\t\t\t\t\t\t<div class=\"sow-slider-image-container\">\n\t\t\t\t<div class=\"sow-slider-image-wrapper\" style=\"max-width: 2000px\">\n\t\t\t\t\t\t\t\t\t\t<div class=\"sow-slider-image-foreground-wrapper\">\n\t\t\t\t\t\t<img loading=\"lazy\" decoding=\"async\" width=\"2000\" height=\"762\" src=\"https:\/\/www.johannes-janssen.com\/agrar\/wp-content\/uploads\/sites\/2\/2018\/03\/saen_und_pfluegen-1.jpg\" class=\"sow-slider-foreground-image\" alt=\"Aussaat Feldfr\u00fcchte Lohnunternehmen\" style=\"\" srcset=\"https:\/\/www.johannes-janssen.com\/agrar\/wp-content\/uploads\/sites\/2\/2018\/03\/saen_und_pfluegen-1.jpg 2000w, https:\/\/www.johannes-janssen.com\/agrar\/wp-content\/uploads\/sites\/2\/2018\/03\/saen_und_pfluegen-1-300x114.jpg 300w, https:\/\/www.johannes-janssen.com\/agrar\/wp-content\/uploads\/sites\/2\/2018\/03\/saen_und_pfluegen-1-768x293.jpg 768w, https:\/\/www.johannes-janssen.com\/agrar\/wp-content\/uploads\/sites\/2\/2018\/03\/saen_und_pfluegen-1-1024x390.jpg 1024w\" sizes=\"(max-width: 2000px) 100vw, 2000px\" \/>\t\t\t\t\t<\/div>\n\t\t\t\t\t\t\t\t\t<\/div>\n\t\t\t<\/div>\n\t\t\t\t\t<\/li>\n\t\t\t\t<li class=\"sow-slider-image\" style=\"visibility: hidden;\" >\n\t\t\t\t\t\t<div class=\"sow-slider-image-container\">\n\t\t\t\t<div class=\"sow-slider-image-wrapper\" style=\"max-width: 2000px\">\n\t\t\t\t\t\t\t\t\t\t<div class=\"sow-slider-image-foreground-wrapper\">\n\t\t\t\t\t\t<img loading=\"lazy\" decoding=\"async\" width=\"2000\" height=\"763\" src=\"https:\/\/www.johannes-janssen.com\/agrar\/wp-content\/uploads\/sites\/2\/2018\/03\/maisfeld_bestellen.jpg\" class=\"sow-slider-foreground-image\" alt=\"\" style=\"\" srcset=\"https:\/\/www.johannes-janssen.com\/agrar\/wp-content\/uploads\/sites\/2\/2018\/03\/maisfeld_bestellen.jpg 2000w, https:\/\/www.johannes-janssen.com\/agrar\/wp-content\/uploads\/sites\/2\/2018\/03\/maisfeld_bestellen-300x114.jpg 300w, https:\/\/www.johannes-janssen.com\/agrar\/wp-content\/uploads\/sites\/2\/2018\/03\/maisfeld_bestellen-768x293.jpg 768w, https:\/\/www.johannes-janssen.com\/agrar\/wp-content\/uploads\/sites\/2\/2018\/03\/maisfeld_bestellen-1024x391.jpg 1024w\" sizes=\"(max-width: 2000px) 100vw, 2000px\" \/>\t\t\t\t\t<\/div>\n\t\t\t\t\t\t\t\t\t<\/div>\n\t\t\t<\/div>\n\t\t\t\t\t<\/li>\n\t\t<\/ul>\t\t\t\t<ol class=\"sow-slider-pagination\">\n\t\t\t\t\t\t\t\t\t\t\t<li><a href=\"#\" data-goto=\"0\" aria-label=\"Display slide 1\"><\/a><\/li>\n\t\t\t\t\t\t\t\t\t\t\t<li><a href=\"#\" data-goto=\"1\" aria-label=\"Display slide 2\"><\/a><\/li>\n\t\t\t\t\t\t\t\t\t\t\t<li><a href=\"#\" data-goto=\"2\" aria-label=\"Display slide 3\"><\/a><\/li>\n\t\t\t\t\t\t\t\t\t\t\t<li><a href=\"#\" data-goto=\"3\" aria-label=\"Display slide 4\"><\/a><\/li>\n\t\t\t\t\t\t\t\t\t<\/ol>\n\n\t\t\t\t<div class=\"sow-slide-nav sow-slide-nav-next\">\n\t\t\t\t\t<a href=\"#\" data-goto=\"next\" aria-label=\"Next slide\" data-action=\"next\">\n\t\t\t\t\t\t<em class=\"sow-sld-icon-thin-right\"><\/em>\n\t\t\t\t\t<\/a>\n\t\t\t\t<\/div>\n\n\t\t\t\t<div class=\"sow-slide-nav sow-slide-nav-prev\">\n\t\t\t\t\t<a href=\"#\" data-goto=\"previous\" aria-label=\"Previous slide\" data-action=\"prev\">\n\t\t\t\t\t\t<em class=\"sow-sld-icon-thin-left\"><\/em>\n\t\t\t\t\t<\/a>\n\t\t\t\t<\/div>\n\t\t\t\t<\/div><\/div><\/div><\/div><\/div><\/div><div id=\"pg-1443-1\"  class=\"panel-grid panel-has-style\" ><div class=\"panel-row-style panel-row-style-for-1443-1\" ><div id=\"pgc-1443-1-0\"  class=\"panel-grid-cell\" ><div id=\"panel-1443-1-0-0\" class=\"so-panel widget widget_text panel-first-child panel-last-child\" data-index=\"1\" ><h3 class=\"widget-title\">zur Verbesserung der Wachstumsbedingungen<\/h3>\t\t\t<div class=\"textwidget\"><p>Die mechanische Bodenbearbeitung Ihres Ackerlandes f\u00f6rdert nicht nur die Wachstumsbedingungen f\u00fcr die Aussaat, sondern steigert auch die Ertragsf\u00e4higkeit des Bodens. Bei der Bearbeitung legen wir gr\u00f6\u00dften Wert auf eine schonende und standortgerechte Bodenaufbereitung, um die Bodenstruktur nicht zu sch\u00e4digen f\u00fcr eine nachhaltige und ertragreiche Bewirtschaftung.<\/p>\n<\/div>\n\t\t<\/div><\/div><\/div><\/div><div id=\"pg-1443-2\"  class=\"panel-grid panel-has-style\" ><div class=\"panel-row-style panel-row-style-for-1443-2\" ><div id=\"pgc-1443-2-0\"  class=\"panel-grid-cell\" ><div id=\"panel-1443-2-0-0\" class=\"so-panel widget widget_media_image panel-first-child\" data-index=\"2\" ><img loading=\"lazy\" decoding=\"async\" width=\"700\" height=\"450\" src=\"https:\/\/www.johannes-janssen.com\/agrar\/wp-content\/uploads\/sites\/2\/2018\/03\/bodenbearbeitung_pfluegen-1.jpg\" class=\"image wp-image-1316  attachment-full size-full\" alt=\"Bodenbearbeitung pfl\u00fcgen\" style=\"max-width: 100%; height: auto;\" srcset=\"https:\/\/www.johannes-janssen.com\/agrar\/wp-content\/uploads\/sites\/2\/2018\/03\/bodenbearbeitung_pfluegen-1.jpg 700w, https:\/\/www.johannes-janssen.com\/agrar\/wp-content\/uploads\/sites\/2\/2018\/03\/bodenbearbeitung_pfluegen-1-300x193.jpg 300w, https:\/\/www.johannes-janssen.com\/agrar\/wp-content\/uploads\/sites\/2\/2018\/03\/bodenbearbeitung_pfluegen-1-80x50.jpg 80w\" sizes=\"(max-width: 700px) 100vw, 700px\" \/><\/div><div id=\"panel-1443-2-0-1\" class=\"so-panel widget widget_text panel-last-child\" data-index=\"3\" ><h3 class=\"widget-title\">PFL\u00dcGEN<\/h3>\t\t\t<div class=\"textwidget\"><p>Wir \u00fcbernehmen die Bodenbearbeitung Ihres Ackerlandes und bereiten das Feld f\u00fcr die Saat vor.<\/p>\n<\/div>\n\t\t<\/div><\/div><div id=\"pgc-1443-2-1\"  class=\"panel-grid-cell\" ><div id=\"panel-1443-2-1-0\" class=\"so-panel widget widget_media_image panel-first-child\" data-index=\"4\" ><img loading=\"lazy\" decoding=\"async\" width=\"800\" height=\"533\" src=\"https:\/\/www.johannes-janssen.com\/agrar\/wp-content\/uploads\/sites\/2\/2018\/03\/bodenbearbeitung_saeen-1.jpg\" class=\"image wp-image-1317  attachment-full size-full\" alt=\"s\u00e4en Feld bestellen\" style=\"max-width: 100%; height: auto;\" srcset=\"https:\/\/www.johannes-janssen.com\/agrar\/wp-content\/uploads\/sites\/2\/2018\/03\/bodenbearbeitung_saeen-1.jpg 800w, https:\/\/www.johannes-janssen.com\/agrar\/wp-content\/uploads\/sites\/2\/2018\/03\/bodenbearbeitung_saeen-1-300x200.jpg 300w, https:\/\/www.johannes-janssen.com\/agrar\/wp-content\/uploads\/sites\/2\/2018\/03\/bodenbearbeitung_saeen-1-768x512.jpg 768w, https:\/\/www.johannes-janssen.com\/agrar\/wp-content\/uploads\/sites\/2\/2018\/03\/bodenbearbeitung_saeen-1-272x182.jpg 272w\" sizes=\"(max-width: 800px) 100vw, 800px\" \/><\/div><div id=\"panel-1443-2-1-1\" class=\"so-panel widget widget_text panel-last-child\" data-index=\"5\" ><h3 class=\"widget-title\">S\u00c4EN<\/h3>\t\t\t<div class=\"textwidget\"><p><b>Gr\u00fcnland, Getreide, Raps, Mais, R\u00fcben<\/b><\/p>\n<p>Ob Aussaat, Nachsaat oder Mulchsaat, mit unseren modernen S\u00e4maschinen bestellen wir Ihre Felder nach Wunsch mit Fl\u00fcssig- oder Festd\u00fcnger.<\/p>\n<\/div>\n\t\t<\/div><\/div><div id=\"pgc-1443-2-2\"  class=\"panel-grid-cell\" ><div id=\"panel-1443-2-2-0\" class=\"so-panel widget widget_media_image panel-first-child\" data-index=\"6\" ><img loading=\"lazy\" decoding=\"async\" width=\"800\" height=\"535\" src=\"https:\/\/www.johannes-janssen.com\/agrar\/wp-content\/uploads\/sites\/2\/2018\/03\/bodenbearbeitung_auflockern.jpeg\" class=\"image wp-image-1312  attachment-full size-full\" alt=\"auflockern Gr\u00fcnland\" style=\"max-width: 100%; height: auto;\" srcset=\"https:\/\/www.johannes-janssen.com\/agrar\/wp-content\/uploads\/sites\/2\/2018\/03\/bodenbearbeitung_auflockern.jpeg 800w, https:\/\/www.johannes-janssen.com\/agrar\/wp-content\/uploads\/sites\/2\/2018\/03\/bodenbearbeitung_auflockern-300x201.jpeg 300w, https:\/\/www.johannes-janssen.com\/agrar\/wp-content\/uploads\/sites\/2\/2018\/03\/bodenbearbeitung_auflockern-768x514.jpeg 768w, https:\/\/www.johannes-janssen.com\/agrar\/wp-content\/uploads\/sites\/2\/2018\/03\/bodenbearbeitung_auflockern-272x182.jpeg 272w\" sizes=\"(max-width: 800px) 100vw, 800px\" \/><\/div><div id=\"panel-1443-2-2-1\" class=\"so-panel widget widget_text panel-last-child\" data-index=\"7\" ><h3 class=\"widget-title\">AUFLOCKERN<\/h3>\t\t\t<div class=\"textwidget\"><p><b>Gr\u00fcnland<\/b><\/p>\n<p>Bodenverdichtung und Staun\u00e4sse sind h\u00e4ufig die Ursache von nachlassenden Ertr\u00e4gen. Steigern Sie Ihre Gr\u00fcnfutterertr\u00e4ge wieder und erh\u00f6hen die Futterqualit\u00e4t mit einer professionellen Gr\u00fcnlandpflege und Nachsaat.<\/p>\n<\/div>\n\t\t<\/div><\/div><\/div><\/div><div id=\"pg-1443-3\"  class=\"panel-grid panel-has-style\" ><div class=\"panel-row-style panel-row-style-for-1443-3\" ><div id=\"pgc-1443-3-0\"  class=\"panel-grid-cell\" ><div id=\"panel-1443-3-0-0\" class=\"so-panel widget widget_text panel-first-child\" data-index=\"8\" ><h3 class=\"widget-title\">PFLEGEN &#038; WACHSEN<\/h3>\t\t\t<div class=\"textwidget\"><p>Sch\u00fctzen Sie Ihre Anlage vor Sch\u00e4dlingen und f\u00f6rdern das Wachstum.<\/p>\n<\/div>\n\t\t<\/div><div id=\"panel-1443-3-0-1\" class=\"so-panel widget widget_sow-button panel-last-child\" data-index=\"9\" ><div\n\t\t\t\n\t\t\tclass=\"so-widget-sow-button so-widget-sow-button-atom-44f1f8267f77-1443\"\n\t\t\t\n\t\t><div class=\"ow-button-base ow-button-align-center\"\n>\n\t\t\t<a\n\t\t\t\t\thref=\"https:\/\/www.johannes-janssen.com\/agrar\/portfolio\/pflanzenschutz\/\"\n\t\t\t\t\tclass=\"sowb-button ow-icon-placement-left ow-button-hover\" \t>\n\t\t<span>\n\t\t\t\n\t\t\tMEHR ZUM PFLANZENSCHUTZ\t\t<\/span>\n\t\t\t<\/a>\n\t<\/div>\n<\/div><\/div><\/div><\/div><\/div><\/div>","protected":false},"excerpt":{"rendered":"<p>Die mechanische Bodenbearbeitung Ihres Ackerlandes f\u00f6rdert nicht nur die Wachstumsbedingungen f\u00fcr die Aussaat, sondern steigert auch die Ertragsf\u00e4higkeit des Bodens. Bei der Bearbeitung legen wir gr\u00f6\u00dften Wert auf eine schonende und standortgerechte Bodenaufbereitung, um die Bodenstruktur nicht zu sch\u00e4digen f\u00fcr &hellip; <a href=\"https:\/\/www.johannes-janssen.com\/agrar\/portfolio\/bodenbearbeitung\/\">Weiter<\/a><\/p>\n","protected":false},"author":1,"featured_media":1315,"menu_order":2,"comment_status":"closed","ping_status":"closed","template":"","meta":{"kt_blocks_editor_width":""},"portfolio-type":[13],"class_list":["post-1443","portfolio","type-portfolio","status-publish","has-post-thumbnail","hentry","portfolio-type-landwirtschaft"],"_links":{"self":[{"href":"https:\/\/www.johannes-janssen.com\/agrar\/wp-json\/wp\/v2\/portfolio\/1443"}],"collection":[{"href":"https:\/\/www.johannes-janssen.com\/agrar\/wp-json\/wp\/v2\/portfolio"}],"about":[{"href":"https:\/\/www.johannes-janssen.com\/agrar\/wp-json\/wp\/v2\/types\/portfolio"}],"author":[{"embeddable":true,"href":"https:\/\/www.johannes-janssen.com\/agrar\/wp-json\/wp\/v2\/users\/1"}],"replies":[{"embeddable":true,"href":"https:\/\/www.johannes-janssen.com\/agrar\/wp-json\/wp\/v2\/comments?post=1443"}],"wp:featuredmedia":[{"embeddable":true,"href":"https:\/\/www.johannes-janssen.com\/agrar\/wp-json\/wp\/v2\/media\/1315"}],"wp:attachment":[{"href":"https:\/\/www.johannes-janssen.com\/agrar\/wp-json\/wp\/v2\/media?parent=1443"}],"wp:term":[{"taxonomy":"portfolio-type","embeddable":true,"href":"https:\/\/www.johannes-janssen.com\/agrar\/wp-json\/wp\/v2\/portfolio-type?post=1443"}],"curies":[{"name":"wp","href":"https:\/\/api.w.org\/{rel}","templated":true}]}}