{"id":1439,"date":"2018-03-16T18:40:07","date_gmt":"2018-03-16T17:40:07","guid":{"rendered":"https:\/\/www.strauch-lu.de\/?post_type=portfolio&#038;p=1439"},"modified":"2020-06-10T16:14:54","modified_gmt":"2020-06-10T14:14:54","slug":"kommunalarbeiten","status":"publish","type":"portfolio","link":"https:\/\/www.johannes-janssen.com\/agrar\/portfolio\/kommunalarbeiten\/","title":{"rendered":"Kommunalarbeiten"},"content":{"rendered":"<div id=\"pl-1439\"  class=\"panel-layout\" ><div id=\"pg-1439-0\"  class=\"panel-grid panel-has-style\" ><div class=\"panel-row-style panel-row-style-for-1439-0\" ><div id=\"pgc-1439-0-0\"  class=\"panel-grid-cell\" ><div id=\"panel-1439-0-0-0\" class=\"so-panel widget widget_sow-slider panel-first-child panel-last-child\" data-index=\"0\" ><div\n\t\t\t\n\t\t\tclass=\"so-widget-sow-slider so-widget-sow-slider-default-6d39609536fd-1439\"\n\t\t\t\n\t\t>\t\t\t\t<div class=\"sow-slider-base\" style=\"display: none\" tabindex=\"0\">\n\t\t\t\t\t<ul\n\t\t\t\t\tclass=\"sow-slider-images\"\n\t\t\t\t\tdata-settings=\"{&quot;pagination&quot;:true,&quot;speed&quot;:800,&quot;timeout&quot;:8000,&quot;paused&quot;:false,&quot;pause_on_hover&quot;:false,&quot;swipe&quot;:true,&quot;nav_always_show_desktop&quot;:&quot;&quot;,&quot;nav_always_show_mobile&quot;:&quot;&quot;,&quot;breakpoint&quot;:&quot;780px&quot;,&quot;unmute&quot;:false,&quot;anchor&quot;:null}\"\n\t\t\t\t\t\t\t\t\t\tdata-anchor-id=\"\"\n\t\t\t\t>\t\t<li class=\"sow-slider-image\" style=\"visibility: visible;\" >\n\t\t\t\t\t\t<div class=\"sow-slider-image-container\">\n\t\t\t\t<div class=\"sow-slider-image-wrapper\" style=\"max-width: 2000px\">\n\t\t\t\t\t\t\t\t\t\t<div class=\"sow-slider-image-foreground-wrapper\">\n\t\t\t\t\t\t<img loading=\"lazy\" decoding=\"async\" width=\"2000\" height=\"763\" src=\"https:\/\/www.johannes-janssen.com\/agrar\/wp-content\/uploads\/sites\/2\/2018\/03\/dienstleistung_kommunalarbeiten-1.jpg\" class=\"sow-slider-foreground-image\" alt=\"kommunale Landschaftspflege\" style=\"\" srcset=\"https:\/\/www.johannes-janssen.com\/agrar\/wp-content\/uploads\/sites\/2\/2018\/03\/dienstleistung_kommunalarbeiten-1.jpg 2000w, https:\/\/www.johannes-janssen.com\/agrar\/wp-content\/uploads\/sites\/2\/2018\/03\/dienstleistung_kommunalarbeiten-1-300x114.jpg 300w, https:\/\/www.johannes-janssen.com\/agrar\/wp-content\/uploads\/sites\/2\/2018\/03\/dienstleistung_kommunalarbeiten-1-768x293.jpg 768w, https:\/\/www.johannes-janssen.com\/agrar\/wp-content\/uploads\/sites\/2\/2018\/03\/dienstleistung_kommunalarbeiten-1-1024x391.jpg 1024w\" sizes=\"(max-width: 2000px) 100vw, 2000px\" \/>\t\t\t\t\t<\/div>\n\t\t\t\t\t\t\t\t\t<\/div>\n\t\t\t<\/div>\n\t\t\t\t\t<\/li>\n\t\t\t\t<li class=\"sow-slider-image\" style=\"visibility: hidden;\" >\n\t\t\t\t\t\t<div class=\"sow-slider-image-container\">\n\t\t\t\t<div class=\"sow-slider-image-wrapper\" style=\"max-width: 2000px\">\n\t\t\t\t\t\t\t\t\t\t<div class=\"sow-slider-image-foreground-wrapper\">\n\t\t\t\t\t\t<img loading=\"lazy\" decoding=\"async\" width=\"2000\" height=\"763\" src=\"https:\/\/www.johannes-janssen.com\/agrar\/wp-content\/uploads\/sites\/2\/2018\/03\/aufbereitung_biomasse-1.jpg\" class=\"sow-slider-foreground-image\" alt=\"biomasseaufbereitung\" style=\"\" srcset=\"https:\/\/www.johannes-janssen.com\/agrar\/wp-content\/uploads\/sites\/2\/2018\/03\/aufbereitung_biomasse-1.jpg 2000w, https:\/\/www.johannes-janssen.com\/agrar\/wp-content\/uploads\/sites\/2\/2018\/03\/aufbereitung_biomasse-1-300x114.jpg 300w, https:\/\/www.johannes-janssen.com\/agrar\/wp-content\/uploads\/sites\/2\/2018\/03\/aufbereitung_biomasse-1-768x293.jpg 768w, https:\/\/www.johannes-janssen.com\/agrar\/wp-content\/uploads\/sites\/2\/2018\/03\/aufbereitung_biomasse-1-1024x391.jpg 1024w\" sizes=\"(max-width: 2000px) 100vw, 2000px\" \/>\t\t\t\t\t<\/div>\n\t\t\t\t\t\t\t\t\t<\/div>\n\t\t\t<\/div>\n\t\t\t\t\t<\/li>\n\t\t\t\t<li class=\"sow-slider-image\" style=\"visibility: hidden;\" >\n\t\t\t\t\t\t<div class=\"sow-slider-image-container\">\n\t\t\t\t<div class=\"sow-slider-image-wrapper\" style=\"max-width: 2000px\">\n\t\t\t\t\t\t\t\t\t\t<div class=\"sow-slider-image-foreground-wrapper\">\n\t\t\t\t\t\t<img loading=\"lazy\" decoding=\"async\" width=\"2000\" height=\"763\" src=\"https:\/\/www.johannes-janssen.com\/agrar\/wp-content\/uploads\/sites\/2\/2018\/03\/baumfaellung-1.jpg\" class=\"sow-slider-foreground-image\" alt=\"baum f\u00e4llen\" style=\"\" srcset=\"https:\/\/www.johannes-janssen.com\/agrar\/wp-content\/uploads\/sites\/2\/2018\/03\/baumfaellung-1.jpg 2000w, https:\/\/www.johannes-janssen.com\/agrar\/wp-content\/uploads\/sites\/2\/2018\/03\/baumfaellung-1-300x114.jpg 300w, https:\/\/www.johannes-janssen.com\/agrar\/wp-content\/uploads\/sites\/2\/2018\/03\/baumfaellung-1-768x293.jpg 768w, https:\/\/www.johannes-janssen.com\/agrar\/wp-content\/uploads\/sites\/2\/2018\/03\/baumfaellung-1-1024x391.jpg 1024w\" sizes=\"(max-width: 2000px) 100vw, 2000px\" \/>\t\t\t\t\t<\/div>\n\t\t\t\t\t\t\t\t\t<\/div>\n\t\t\t<\/div>\n\t\t\t\t\t<\/li>\n\t\t\t\t<li class=\"sow-slider-image\" style=\"visibility: hidden;\" >\n\t\t\t\t\t\t<div class=\"sow-slider-image-container\">\n\t\t\t\t<div class=\"sow-slider-image-wrapper\" style=\"max-width: 2000px\">\n\t\t\t\t\t\t\t\t\t\t<div class=\"sow-slider-image-foreground-wrapper\">\n\t\t\t\t\t\t<img loading=\"lazy\" decoding=\"async\" width=\"2000\" height=\"763\" src=\"https:\/\/www.johannes-janssen.com\/agrar\/wp-content\/uploads\/sites\/2\/2018\/03\/baumfaellarbeiten-1.jpg\" class=\"sow-slider-foreground-image\" alt=\"geh\u00f6lzpflege Baumf\u00e4llung\" style=\"\" srcset=\"https:\/\/www.johannes-janssen.com\/agrar\/wp-content\/uploads\/sites\/2\/2018\/03\/baumfaellarbeiten-1.jpg 2000w, https:\/\/www.johannes-janssen.com\/agrar\/wp-content\/uploads\/sites\/2\/2018\/03\/baumfaellarbeiten-1-300x114.jpg 300w, https:\/\/www.johannes-janssen.com\/agrar\/wp-content\/uploads\/sites\/2\/2018\/03\/baumfaellarbeiten-1-768x293.jpg 768w, https:\/\/www.johannes-janssen.com\/agrar\/wp-content\/uploads\/sites\/2\/2018\/03\/baumfaellarbeiten-1-1024x391.jpg 1024w\" sizes=\"(max-width: 2000px) 100vw, 2000px\" \/>\t\t\t\t\t<\/div>\n\t\t\t\t\t\t\t\t\t<\/div>\n\t\t\t<\/div>\n\t\t\t\t\t<\/li>\n\t\t<\/ul>\t\t\t\t<ol class=\"sow-slider-pagination\">\n\t\t\t\t\t\t\t\t\t\t\t<li><a href=\"#\" data-goto=\"0\" aria-label=\"Display slide 1\"><\/a><\/li>\n\t\t\t\t\t\t\t\t\t\t\t<li><a href=\"#\" data-goto=\"1\" aria-label=\"Display slide 2\"><\/a><\/li>\n\t\t\t\t\t\t\t\t\t\t\t<li><a href=\"#\" data-goto=\"2\" aria-label=\"Display slide 3\"><\/a><\/li>\n\t\t\t\t\t\t\t\t\t\t\t<li><a href=\"#\" data-goto=\"3\" aria-label=\"Display slide 4\"><\/a><\/li>\n\t\t\t\t\t\t\t\t\t<\/ol>\n\n\t\t\t\t<div class=\"sow-slide-nav sow-slide-nav-next\">\n\t\t\t\t\t<a href=\"#\" data-goto=\"next\" aria-label=\"Next slide\" data-action=\"next\">\n\t\t\t\t\t\t<em class=\"sow-sld-icon-thin-right\"><\/em>\n\t\t\t\t\t<\/a>\n\t\t\t\t<\/div>\n\n\t\t\t\t<div class=\"sow-slide-nav sow-slide-nav-prev\">\n\t\t\t\t\t<a href=\"#\" data-goto=\"previous\" aria-label=\"Previous slide\" data-action=\"prev\">\n\t\t\t\t\t\t<em class=\"sow-sld-icon-thin-left\"><\/em>\n\t\t\t\t\t<\/a>\n\t\t\t\t<\/div>\n\t\t\t\t<\/div><\/div><\/div><\/div><\/div><\/div><div id=\"pg-1439-1\"  class=\"panel-grid panel-has-style\" ><div class=\"panel-row-style panel-row-style-for-1439-1\" ><div id=\"pgc-1439-1-0\"  class=\"panel-grid-cell\" ><div id=\"panel-1439-1-0-0\" class=\"so-panel widget widget_text panel-first-child panel-last-child\" data-index=\"1\" ><h3 class=\"widget-title\">Professionell &#038; Sorgf\u00e4ltig<\/h3>\t\t\t<div class=\"textwidget\"><p>Unsere Mitarbeiter werden regelm\u00e4\u00dfig im Umgang mit den Spezialarbeitsger\u00e4ten geschult, um die Kommunalarbeiten f\u00fcr Sie schnell, fachgerecht und pr\u00e4zise ausf\u00fchren zu k\u00f6nnen.<\/p>\n<p>In Kooperation mit unserer Tochterfirma Johannes Jan\u00dfen GmbH &amp; Co. KG k\u00f6nnen wir Ihnen ein erweitertes Spektrum an Dienstleistungen der Kommunaltechnik anbieten. So haben wir die M\u00f6glichkeit gro\u00dfe Holzmengen zu h\u00e4ckseln und das H\u00e4ckselgut zu transportieren.<\/p>\n<\/div>\n\t\t<\/div><\/div><\/div><\/div><div id=\"pg-1439-2\"  class=\"panel-grid panel-has-style\" ><div class=\"panel-row-style panel-row-style-for-1439-2\" ><div id=\"pgc-1439-2-0\"  class=\"panel-grid-cell\" ><div id=\"panel-1439-2-0-0\" class=\"so-panel widget widget_media_image panel-first-child\" data-index=\"2\" ><img loading=\"lazy\" decoding=\"async\" width=\"800\" height=\"533\" src=\"https:\/\/www.johannes-janssen.com\/agrar\/wp-content\/uploads\/sites\/2\/2018\/03\/biomasseaufbereitung-1.jpg\" class=\"image wp-image-1311  attachment-full size-full\" alt=\"Aufbereitung Biomasse\" style=\"max-width: 100%; height: auto;\" srcset=\"https:\/\/www.johannes-janssen.com\/agrar\/wp-content\/uploads\/sites\/2\/2018\/03\/biomasseaufbereitung-1.jpg 800w, https:\/\/www.johannes-janssen.com\/agrar\/wp-content\/uploads\/sites\/2\/2018\/03\/biomasseaufbereitung-1-300x200.jpg 300w, https:\/\/www.johannes-janssen.com\/agrar\/wp-content\/uploads\/sites\/2\/2018\/03\/biomasseaufbereitung-1-768x512.jpg 768w, https:\/\/www.johannes-janssen.com\/agrar\/wp-content\/uploads\/sites\/2\/2018\/03\/biomasseaufbereitung-1-272x182.jpg 272w\" sizes=\"(max-width: 800px) 100vw, 800px\" \/><\/div><div id=\"panel-1439-2-0-1\" class=\"so-panel widget widget_text panel-last-child\" data-index=\"3\" ><h3 class=\"widget-title\">BIOMASSEAUFBEREITUNG<\/h3>\t\t\t<div class=\"textwidget\"><p><b>Effizient Kompostieren &amp; Verg\u00e4ren\u00a0durch Optimierung des Materialbestandes<\/b><\/p>\n<p>Der Vorteil unseres Biomasseaufbereiters ist die gro\u00dfe Einzugs\u00f6ffnung wie auch die Messer und Siebe, die einen breiten Einsatzbereich der Biomasseaufbreitung abdecken:<br \/>\nMist<br \/>\nMais<br \/>\nBioabfall<br \/>\nGr\u00fcnschnitt<br \/>\nLaub (schwer verrottbar)<br \/>\nStammholz<br \/>\nWurzelholz (vorbereitet)<br \/>\n\u00c4ste<br \/>\nRinde<br \/>\nAltholz<\/p>\n<\/div>\n\t\t<\/div><\/div><div id=\"pgc-1439-2-1\"  class=\"panel-grid-cell\" ><div id=\"panel-1439-2-1-0\" class=\"so-panel widget widget_media_image panel-first-child\" data-index=\"4\" ><img loading=\"lazy\" decoding=\"async\" width=\"800\" height=\"533\" src=\"https:\/\/www.johannes-janssen.com\/agrar\/wp-content\/uploads\/sites\/2\/2018\/03\/baumschnitt-1.jpg\" class=\"image wp-image-1308  attachment-full size-full\" alt=\"geh\u00f6lzpflege\" style=\"max-width: 100%; height: auto;\" srcset=\"https:\/\/www.johannes-janssen.com\/agrar\/wp-content\/uploads\/sites\/2\/2018\/03\/baumschnitt-1.jpg 800w, https:\/\/www.johannes-janssen.com\/agrar\/wp-content\/uploads\/sites\/2\/2018\/03\/baumschnitt-1-300x200.jpg 300w, https:\/\/www.johannes-janssen.com\/agrar\/wp-content\/uploads\/sites\/2\/2018\/03\/baumschnitt-1-768x512.jpg 768w, https:\/\/www.johannes-janssen.com\/agrar\/wp-content\/uploads\/sites\/2\/2018\/03\/baumschnitt-1-272x182.jpg 272w\" sizes=\"(max-width: 800px) 100vw, 800px\" \/><\/div><div id=\"panel-1439-2-1-1\" class=\"so-panel widget widget_text panel-last-child\" data-index=\"5\" ><h3 class=\"widget-title\">GEH\u00d6LZPFLEGE<\/h3>\t\t\t<div class=\"textwidget\"><p><b>artgerechte Baumpflege und Baumf\u00e4llung<\/b><\/p>\n<p>Durch eine fachgerechte Geh\u00f6lzpflege wird die Artenvielfalt Ihres Baumbestandes gef\u00f6rdert, die Verj\u00fcngung beg\u00fcnstigt und die langfristige Erhaltung mit einer vielgestaltigen Vegetation gesichert.<\/p>\n<p>Schwieriges Gel\u00e4nde und unzug\u00e4ngliche Stellen sind f\u00fcr uns kein Problem. Wir haben f\u00fcr jeden Einsatz die passenden Ger\u00e4te. Das Schnittgut wird direkt vor Ort durch unsere H\u00e4cksler und Aufbereiter verarbeitet.<\/p>\n<p>Baumschnitt und Baumf\u00e4llungen<br \/>\nKopfweidenschnitt<br \/>\nAus\u00e4sten von B\u00e4umen<br \/>\nHeckenschnitt<br \/>\nProfilfreischnitt<br \/>\nHolzh\u00e4ckseln<br \/>\nGraben- und B\u00f6schungsm\u00e4hen<br \/>\nMulchen<\/p>\n<\/div>\n\t\t<\/div><\/div><\/div><\/div><div id=\"pg-1439-3\"  class=\"panel-grid panel-has-style\" ><div class=\"panel-row-style panel-row-style-for-1439-3\" ><div id=\"pgc-1439-3-0\"  class=\"panel-grid-cell panel-grid-cell-empty\" ><\/div><div id=\"pgc-1439-3-1\"  class=\"panel-grid-cell panel-grid-cell-mobile-last\" ><div id=\"panel-1439-3-1-0\" class=\"so-panel widget widget_media_image panel-first-child\" data-index=\"6\" ><img loading=\"lazy\" decoding=\"async\" width=\"800\" height=\"533\" src=\"https:\/\/www.johannes-janssen.com\/agrar\/wp-content\/uploads\/sites\/2\/2018\/03\/schneer\u00e4umen_winterdienst.jpg\" class=\"image wp-image-1499  attachment-full size-full\" alt=\"Streudienst\" style=\"max-width: 100%; height: auto;\" srcset=\"https:\/\/www.johannes-janssen.com\/agrar\/wp-content\/uploads\/sites\/2\/2018\/03\/schneer\u00e4umen_winterdienst.jpg 800w, https:\/\/www.johannes-janssen.com\/agrar\/wp-content\/uploads\/sites\/2\/2018\/03\/schneer\u00e4umen_winterdienst-300x200.jpg 300w, https:\/\/www.johannes-janssen.com\/agrar\/wp-content\/uploads\/sites\/2\/2018\/03\/schneer\u00e4umen_winterdienst-768x512.jpg 768w, https:\/\/www.johannes-janssen.com\/agrar\/wp-content\/uploads\/sites\/2\/2018\/03\/schneer\u00e4umen_winterdienst-272x182.jpg 272w\" sizes=\"(max-width: 800px) 100vw, 800px\" \/><\/div><div id=\"panel-1439-3-1-1\" class=\"so-panel widget widget_text panel-last-child\" data-index=\"7\" ><h3 class=\"widget-title\">WINTERDIENST<\/h3>\t\t\t<div class=\"textwidget\"><p><b>Damit Sie und Ihre Kunden sicher ans Ziel kommen.<\/b><\/p>\n<p>Wir r\u00e4umen und streuen Stra\u00dfen, Parkpl\u00e4tze und selbstverst\u00e4ndlich auch Gehwege.<\/p>\n<\/div>\n\t\t<\/div><\/div><div id=\"pgc-1439-3-2\"  class=\"panel-grid-cell panel-grid-cell-empty\" ><\/div><\/div><\/div><\/div>","protected":false},"excerpt":{"rendered":"<p>Unsere Mitarbeiter werden regelm\u00e4\u00dfig im Umgang mit den Spezialarbeitsger\u00e4ten geschult, um die Kommunalarbeiten f\u00fcr Sie schnell, fachgerecht und pr\u00e4zise ausf\u00fchren zu k\u00f6nnen. In Kooperation mit unserer Tochterfirma Johannes Jan\u00dfen GmbH &amp; Co. KG k\u00f6nnen wir Ihnen ein erweitertes Spektrum an &hellip; <a href=\"https:\/\/www.johannes-janssen.com\/agrar\/portfolio\/kommunalarbeiten\/\">Weiter<\/a><\/p>\n","protected":false},"author":1,"featured_media":1386,"menu_order":6,"comment_status":"closed","ping_status":"closed","template":"","meta":{"kt_blocks_editor_width":""},"portfolio-type":[12],"class_list":["post-1439","portfolio","type-portfolio","status-publish","has-post-thumbnail","hentry","portfolio-type-kommunal"],"_links":{"self":[{"href":"https:\/\/www.johannes-janssen.com\/agrar\/wp-json\/wp\/v2\/portfolio\/1439"}],"collection":[{"href":"https:\/\/www.johannes-janssen.com\/agrar\/wp-json\/wp\/v2\/portfolio"}],"about":[{"href":"https:\/\/www.johannes-janssen.com\/agrar\/wp-json\/wp\/v2\/types\/portfolio"}],"author":[{"embeddable":true,"href":"https:\/\/www.johannes-janssen.com\/agrar\/wp-json\/wp\/v2\/users\/1"}],"replies":[{"embeddable":true,"href":"https:\/\/www.johannes-janssen.com\/agrar\/wp-json\/wp\/v2\/comments?post=1439"}],"wp:featuredmedia":[{"embeddable":true,"href":"https:\/\/www.johannes-janssen.com\/agrar\/wp-json\/wp\/v2\/media\/1386"}],"wp:attachment":[{"href":"https:\/\/www.johannes-janssen.com\/agrar\/wp-json\/wp\/v2\/media?parent=1439"}],"wp:term":[{"taxonomy":"portfolio-type","embeddable":true,"href":"https:\/\/www.johannes-janssen.com\/agrar\/wp-json\/wp\/v2\/portfolio-type?post=1439"}],"curies":[{"name":"wp","href":"https:\/\/api.w.org\/{rel}","templated":true}]}}